{"version":"1.0","provider_name":"  RADIO LJUBU\u0160KI","provider_url":"https:\/\/radioljubuski.ba","title":"Biden: Nemamo vremena za gubljenje - RADIO LJUBU\u0160KI","type":"rich","width":600,"height":338,"html":"<blockquote class=\"wp-embedded-content\" data-secret=\"IiXjaxXtta\"><a href=\"https:\/\/radioljubuski.ba\/index.php\/2021\/04\/08\/biden-nemamo-vremena-za-gubljenje\/\">Biden: Nemamo vremena za gubljenje<\/a><\/blockquote><iframe sandbox=\"allow-scripts\" security=\"restricted\" src=\"https:\/\/radioljubuski.ba\/index.php\/2021\/04\/08\/biden-nemamo-vremena-za-gubljenje\/embed\/#?secret=IiXjaxXtta\" width=\"600\" height=\"338\" title=\"&#8220;Biden: Nemamo vremena za gubljenje&#8221; &#8212;   RADIO LJUBU\u0160KI\" data-secret=\"IiXjaxXtta\" frameborder=\"0\" marginwidth=\"0\" marginheight=\"0\" scrolling=\"no\" class=\"wp-embedded-content\"><\/iframe><script>\n\/*! This file is auto-generated *\/\n!function(d,l){\"use strict\";l.querySelector&&d.addEventListener&&\"undefined\"!=typeof URL&&(d.wp=d.wp||{},d.wp.receiveEmbedMessage||(d.wp.receiveEmbedMessage=function(e){var t=e.data;if((t||t.secret||t.message||t.value)&&!\/[^a-zA-Z0-9]\/.test(t.secret)){for(var s,r,n,a=l.querySelectorAll('iframe[data-secret=\"'+t.secret+'\"]'),o=l.querySelectorAll('blockquote[data-secret=\"'+t.secret+'\"]'),c=new RegExp(\"^https?:$\",\"i\"),i=0;i<o.length;i++)o[i].style.display=\"none\";for(i=0;i<a.length;i++)s=a[i],e.source===s.contentWindow&&(s.removeAttribute(\"style\"),\"height\"===t.message?(1e3<(r=parseInt(t.value,10))?r=1e3:~~r<200&&(r=200),s.height=r):\"link\"===t.message&&(r=new URL(s.getAttribute(\"src\")),n=new URL(t.value),c.test(n.protocol))&&n.host===r.host&&l.activeElement===s&&(d.top.location.href=t.value))}},d.addEventListener(\"message\",d.wp.receiveEmbedMessage,!1),l.addEventListener(\"DOMContentLoaded\",function(){for(var e,t,s=l.querySelectorAll(\"iframe.wp-embedded-content\"),r=0;r<s.length;r++)(t=(e=s[r]).getAttribute(\"data-secret\"))||(t=Math.random().toString(36).substring(2,12),e.src+=\"#?secret=\"+t,e.setAttribute(\"data-secret\",t)),e.contentWindow.postMessage({message:\"ready\",secret:t},\"*\")},!1)))}(window,document);\n\/\/# sourceURL=https:\/\/radioljubuski.ba\/wp-includes\/js\/wp-embed.min.js\n<\/script>\n","thumbnail_url":"https:\/\/radioljubuski.ba\/wp-content\/uploads\/2021\/04\/biden-hrlj.png","thumbnail_width":645,"thumbnail_height":365,"description":"Suo\u010den s kritikama na ra\u010dun 2 tisu\u0107e milijardi dolara vrijednog infrastrukturnog plana, ameri\u010dki predsjednik Joe Biden iznio je razloge zbog kojih smatra da je opravdano njegovo financiranje. Planirani infrastrukturni projekti najve\u0107im bi dijelom trebali biti financirani pove\u0107anjem stope poreza na dobit s 21 na 28 posto. Da bi bio ostvaren, ambiciozni &#8220;Ameri\u010dki plan zapo\u0161ljavanja&#8221; treba [&hellip;]"}