{"version":"1.0","provider_name":"  RADIO LJUBU\u0160KI","provider_url":"https:\/\/radioljubuski.ba","title":"Spajanje mosta Gradi\u0161ka preko Save u zavr\u0161noj fazi - RADIO LJUBU\u0160KI","type":"rich","width":600,"height":338,"html":"<blockquote class=\"wp-embedded-content\" data-secret=\"NRzFS0Ki08\"><a href=\"https:\/\/radioljubuski.ba\/index.php\/2021\/04\/18\/spajanje-mosta-gradiska-preko-save-u-zavrsnoj-fazi\/\">Spajanje mosta Gradi\u0161ka preko Save u zavr\u0161noj fazi<\/a><\/blockquote><iframe sandbox=\"allow-scripts\" security=\"restricted\" src=\"https:\/\/radioljubuski.ba\/index.php\/2021\/04\/18\/spajanje-mosta-gradiska-preko-save-u-zavrsnoj-fazi\/embed\/#?secret=NRzFS0Ki08\" width=\"600\" height=\"338\" title=\"&#8220;Spajanje mosta Gradi\u0161ka preko Save u zavr\u0161noj fazi&#8221; &#8212;   RADIO LJUBU\u0160KI\" data-secret=\"NRzFS0Ki08\" frameborder=\"0\" marginwidth=\"0\" marginheight=\"0\" scrolling=\"no\" class=\"wp-embedded-content\"><\/iframe><script>\n\/*! This file is auto-generated *\/\n!function(d,l){\"use strict\";l.querySelector&&d.addEventListener&&\"undefined\"!=typeof URL&&(d.wp=d.wp||{},d.wp.receiveEmbedMessage||(d.wp.receiveEmbedMessage=function(e){var t=e.data;if((t||t.secret||t.message||t.value)&&!\/[^a-zA-Z0-9]\/.test(t.secret)){for(var s,r,n,a=l.querySelectorAll('iframe[data-secret=\"'+t.secret+'\"]'),o=l.querySelectorAll('blockquote[data-secret=\"'+t.secret+'\"]'),c=new RegExp(\"^https?:$\",\"i\"),i=0;i<o.length;i++)o[i].style.display=\"none\";for(i=0;i<a.length;i++)s=a[i],e.source===s.contentWindow&&(s.removeAttribute(\"style\"),\"height\"===t.message?(1e3<(r=parseInt(t.value,10))?r=1e3:~~r<200&&(r=200),s.height=r):\"link\"===t.message&&(r=new URL(s.getAttribute(\"src\")),n=new URL(t.value),c.test(n.protocol))&&n.host===r.host&&l.activeElement===s&&(d.top.location.href=t.value))}},d.addEventListener(\"message\",d.wp.receiveEmbedMessage,!1),l.addEventListener(\"DOMContentLoaded\",function(){for(var e,t,s=l.querySelectorAll(\"iframe.wp-embedded-content\"),r=0;r<s.length;r++)(t=(e=s[r]).getAttribute(\"data-secret\"))||(t=Math.random().toString(36).substring(2,12),e.src+=\"#?secret=\"+t,e.setAttribute(\"data-secret\",t)),e.contentWindow.postMessage({message:\"ready\",secret:t},\"*\")},!1)))}(window,document);\n\/\/# sourceURL=https:\/\/radioljubuski.ba\/wp-includes\/js\/wp-embed.min.js\n<\/script>\n","thumbnail_url":"https:\/\/radioljubuski.ba\/wp-content\/uploads\/2021\/04\/gradisska-most2-1068x600-1.png","thumbnail_width":1068,"thumbnail_height":600,"description":"Dok su o\u010di hrvatske javnosti uglavnom usmjerene na gradili\u0161te Pelje\u0161kog mosta, na drugom kraju Hrvatske, u Slavoniji, radovi na jednome drugom mostu idu punom parom. Rije\u010d je o mostu Gradi\u0161ka, na rijeci Savi, koji \u0107e spojiti hrvatsku i bosanskohercegova\u010dku obalu te rijeke. Hrvatske su ceste ustupile&nbsp;Ve\u010dernjem listu&nbsp;najnovije fotografije s gradili\u0161ta mosta Gradi\u0161ka na kojima se [&hellip;]"}