{"version":"1.0","provider_name":"  RADIO LJUBU\u0160KI","provider_url":"https:\/\/radioljubuski.ba","title":"Vandalizam na poleti\u0161tu za paraglajdere u Ljubu\u0161kom - RADIO LJUBU\u0160KI","type":"rich","width":600,"height":338,"html":"<blockquote class=\"wp-embedded-content\" data-secret=\"NuiC88tIQ8\"><a href=\"https:\/\/radioljubuski.ba\/index.php\/2021\/05\/01\/vandalizam-na-poletistu-za-paraglajdere-u-ljubuskom\/\">Vandalizam na poleti\u0161tu za paraglajdere u Ljubu\u0161kom<\/a><\/blockquote><iframe sandbox=\"allow-scripts\" security=\"restricted\" src=\"https:\/\/radioljubuski.ba\/index.php\/2021\/05\/01\/vandalizam-na-poletistu-za-paraglajdere-u-ljubuskom\/embed\/#?secret=NuiC88tIQ8\" width=\"600\" height=\"338\" title=\"&#8220;Vandalizam na poleti\u0161tu za paraglajdere u Ljubu\u0161kom&#8221; &#8212;   RADIO LJUBU\u0160KI\" data-secret=\"NuiC88tIQ8\" frameborder=\"0\" marginwidth=\"0\" marginheight=\"0\" scrolling=\"no\" class=\"wp-embedded-content\"><\/iframe><script>\n\/*! This file is auto-generated *\/\n!function(d,l){\"use strict\";l.querySelector&&d.addEventListener&&\"undefined\"!=typeof URL&&(d.wp=d.wp||{},d.wp.receiveEmbedMessage||(d.wp.receiveEmbedMessage=function(e){var t=e.data;if((t||t.secret||t.message||t.value)&&!\/[^a-zA-Z0-9]\/.test(t.secret)){for(var s,r,n,a=l.querySelectorAll('iframe[data-secret=\"'+t.secret+'\"]'),o=l.querySelectorAll('blockquote[data-secret=\"'+t.secret+'\"]'),c=new RegExp(\"^https?:$\",\"i\"),i=0;i<o.length;i++)o[i].style.display=\"none\";for(i=0;i<a.length;i++)s=a[i],e.source===s.contentWindow&&(s.removeAttribute(\"style\"),\"height\"===t.message?(1e3<(r=parseInt(t.value,10))?r=1e3:~~r<200&&(r=200),s.height=r):\"link\"===t.message&&(r=new URL(s.getAttribute(\"src\")),n=new URL(t.value),c.test(n.protocol))&&n.host===r.host&&l.activeElement===s&&(d.top.location.href=t.value))}},d.addEventListener(\"message\",d.wp.receiveEmbedMessage,!1),l.addEventListener(\"DOMContentLoaded\",function(){for(var e,t,s=l.querySelectorAll(\"iframe.wp-embedded-content\"),r=0;r<s.length;r++)(t=(e=s[r]).getAttribute(\"data-secret\"))||(t=Math.random().toString(36).substring(2,12),e.src+=\"#?secret=\"+t,e.setAttribute(\"data-secret\",t)),e.contentWindow.postMessage({message:\"ready\",secret:t},\"*\")},!1)))}(window,document);\n\/\/# sourceURL=https:\/\/radioljubuski.ba\/wp-includes\/js\/wp-embed.min.js\n<\/script>\n","thumbnail_url":"https:\/\/radioljubuski.ba\/wp-content\/uploads\/2021\/05\/2-2021-05-01-10-23-21-PARAGLAJDING.jpg","thumbnail_width":1000,"thumbnail_height":625,"description":"Kada smo postavljali ovo na poleti\u0161te, kroz \u0161alu smo rekli da imamo i rezervnu info-plo\u010du kad ova bude po\u0161arana sprejom. Gle \u010duda, nije po\u0161arana sprejom i hvala vam na tome. Ba\u0161 pred Ljubu\u0161ki Outdoor Festival 2021. da poka\u017eemo i Svijetu i narodu kako Ljubu\u0161ki to mo\u017ee, rekli su ironi\u010dno i razo\u010darano iz Paragliding Ljubu\u0161ki na [&hellip;]"}