{"version":"1.0","provider_name":"  RADIO LJUBU\u0160KI","provider_url":"https:\/\/radioljubuski.ba","title":"Migrant glavom o\u0161tetio \u010camparin slu\u017ebeni automobil - RADIO LJUBU\u0160KI","type":"rich","width":600,"height":338,"html":"<blockquote class=\"wp-embedded-content\" data-secret=\"V62Hp5BSRl\"><a href=\"https:\/\/radioljubuski.ba\/index.php\/2021\/05\/30\/migrant-glavom-ostetio-camparin-sluzbeni-automobil\/\">Migrant glavom o\u0161tetio \u010camparin slu\u017ebeni automobil<\/a><\/blockquote><iframe sandbox=\"allow-scripts\" security=\"restricted\" src=\"https:\/\/radioljubuski.ba\/index.php\/2021\/05\/30\/migrant-glavom-ostetio-camparin-sluzbeni-automobil\/embed\/#?secret=V62Hp5BSRl\" width=\"600\" height=\"338\" title=\"&#8220;Migrant glavom o\u0161tetio \u010camparin slu\u017ebeni automobil&#8221; &#8212;   RADIO LJUBU\u0160KI\" data-secret=\"V62Hp5BSRl\" frameborder=\"0\" marginwidth=\"0\" marginheight=\"0\" scrolling=\"no\" class=\"wp-embedded-content\"><\/iframe><script>\n\/*! This file is auto-generated *\/\n!function(d,l){\"use strict\";l.querySelector&&d.addEventListener&&\"undefined\"!=typeof URL&&(d.wp=d.wp||{},d.wp.receiveEmbedMessage||(d.wp.receiveEmbedMessage=function(e){var t=e.data;if((t||t.secret||t.message||t.value)&&!\/[^a-zA-Z0-9]\/.test(t.secret)){for(var s,r,n,a=l.querySelectorAll('iframe[data-secret=\"'+t.secret+'\"]'),o=l.querySelectorAll('blockquote[data-secret=\"'+t.secret+'\"]'),c=new RegExp(\"^https?:$\",\"i\"),i=0;i<o.length;i++)o[i].style.display=\"none\";for(i=0;i<a.length;i++)s=a[i],e.source===s.contentWindow&&(s.removeAttribute(\"style\"),\"height\"===t.message?(1e3<(r=parseInt(t.value,10))?r=1e3:~~r<200&&(r=200),s.height=r):\"link\"===t.message&&(r=new URL(s.getAttribute(\"src\")),n=new URL(t.value),c.test(n.protocol))&&n.host===r.host&&l.activeElement===s&&(d.top.location.href=t.value))}},d.addEventListener(\"message\",d.wp.receiveEmbedMessage,!1),l.addEventListener(\"DOMContentLoaded\",function(){for(var e,t,s=l.querySelectorAll(\"iframe.wp-embedded-content\"),r=0;r<s.length;r++)(t=(e=s[r]).getAttribute(\"data-secret\"))||(t=Math.random().toString(36).substring(2,12),e.src+=\"#?secret=\"+t,e.setAttribute(\"data-secret\",t)),e.contentWindow.postMessage({message:\"ready\",secret:t},\"*\")},!1)))}(window,document);\n\/\/# sourceURL=https:\/\/radioljubuski.ba\/wp-includes\/js\/wp-embed.min.js\n<\/script>\n","thumbnail_url":"https:\/\/radioljubuski.ba\/wp-content\/uploads\/2021\/05\/t3lrxc90_Aljosa_Campara.jpg","thumbnail_width":1000,"thumbnail_height":625,"description":"Pripadnici Policijske uprave Centar Sarajevo preksino\u0107 su u 21.50 sati uhitili O. B. A. (27) iz Maroka.&nbsp; Migrant je priveden zbog postojanja osnova sumnje da je po\u010dinio krivi\u010dno djelo o\u0161te\u0107enje tu\u0111e stvari. Kako saznaje Avaz, Marokanac je o\u0161tetio slu\u017ebeno vozilo Aljo\u0161e \u010campare, ministra unutarnjih poslova Federacije BiH. Ovu informaciju potvrdio je ministar \u010campara. &#8211; Kako [&hellip;]"}