{"version":"1.0","provider_name":"  RADIO LJUBU\u0160KI","provider_url":"https:\/\/radioljubuski.ba","title":"Guardiola na\u0161ao zamjenu za Aguera - RADIO LJUBU\u0160KI","type":"rich","width":600,"height":338,"html":"<blockquote class=\"wp-embedded-content\" data-secret=\"xTbbiLClkM\"><a href=\"https:\/\/radioljubuski.ba\/index.php\/2021\/06\/03\/guardiola-nasao-zamjenu-za-aguera\/\">Guardiola na\u0161ao zamjenu za Aguera<\/a><\/blockquote><iframe sandbox=\"allow-scripts\" security=\"restricted\" src=\"https:\/\/radioljubuski.ba\/index.php\/2021\/06\/03\/guardiola-nasao-zamjenu-za-aguera\/embed\/#?secret=xTbbiLClkM\" width=\"600\" height=\"338\" title=\"&#8220;Guardiola na\u0161ao zamjenu za Aguera&#8221; &#8212;   RADIO LJUBU\u0160KI\" data-secret=\"xTbbiLClkM\" frameborder=\"0\" marginwidth=\"0\" marginheight=\"0\" scrolling=\"no\" class=\"wp-embedded-content\"><\/iframe><script>\n\/*! This file is auto-generated *\/\n!function(d,l){\"use strict\";l.querySelector&&d.addEventListener&&\"undefined\"!=typeof URL&&(d.wp=d.wp||{},d.wp.receiveEmbedMessage||(d.wp.receiveEmbedMessage=function(e){var t=e.data;if((t||t.secret||t.message||t.value)&&!\/[^a-zA-Z0-9]\/.test(t.secret)){for(var s,r,n,a=l.querySelectorAll('iframe[data-secret=\"'+t.secret+'\"]'),o=l.querySelectorAll('blockquote[data-secret=\"'+t.secret+'\"]'),c=new RegExp(\"^https?:$\",\"i\"),i=0;i<o.length;i++)o[i].style.display=\"none\";for(i=0;i<a.length;i++)s=a[i],e.source===s.contentWindow&&(s.removeAttribute(\"style\"),\"height\"===t.message?(1e3<(r=parseInt(t.value,10))?r=1e3:~~r<200&&(r=200),s.height=r):\"link\"===t.message&&(r=new URL(s.getAttribute(\"src\")),n=new URL(t.value),c.test(n.protocol))&&n.host===r.host&&l.activeElement===s&&(d.top.location.href=t.value))}},d.addEventListener(\"message\",d.wp.receiveEmbedMessage,!1),l.addEventListener(\"DOMContentLoaded\",function(){for(var e,t,s=l.querySelectorAll(\"iframe.wp-embedded-content\"),r=0;r<s.length;r++)(t=(e=s[r]).getAttribute(\"data-secret\"))||(t=Math.random().toString(36).substring(2,12),e.src+=\"#?secret=\"+t,e.setAttribute(\"data-secret\",t)),e.contentWindow.postMessage({message:\"ready\",secret:t},\"*\")},!1)))}(window,document);\n\/\/# sourceURL=https:\/\/radioljubuski.ba\/wp-includes\/js\/wp-embed.min.js\n<\/script>\n","thumbnail_url":"https:\/\/radioljubuski.ba\/wp-content\/uploads\/2021\/06\/preuzmi-1-3.jpg","thumbnail_width":300,"thumbnail_height":168,"description":"Poraz u finalu Lige prvaka od Chelseaja, ostavio je Guardiolu i Manchester City jo\u0161 jednu sezonu bez trofeja najelitnijeg natjecanja. S obzirom na to da je napada\u010d Cityja&nbsp;Sergio Aguero&nbsp;oti\u0161ao u Barcelonu kod Messija,&nbsp;Pep Guardiola&nbsp;tra\u017ei zamjenu za Argentinca. Na meti Cityja na\u0161ao se Portugalac&nbsp;Andre Silva&nbsp;koji igra u Bundesligi u dresu Eintrachta. Manchester City je ve\u0107 kontaktirao [&hellip;]"}