{"version":"1.0","provider_name":"  RADIO LJUBU\u0160KI","provider_url":"https:\/\/radioljubuski.ba","title":"Prva ve\u010der devetnice sv. Anti na Humcu - RADIO LJUBU\u0160KI","type":"rich","width":600,"height":338,"html":"<blockquote class=\"wp-embedded-content\" data-secret=\"Klg251jkNZ\"><a href=\"https:\/\/radioljubuski.ba\/index.php\/2021\/06\/05\/prva-vecer-devetnice-sv-anti-na-humcu\/\">Prva ve\u010der devetnice sv. Anti na Humcu<\/a><\/blockquote><iframe sandbox=\"allow-scripts\" security=\"restricted\" src=\"https:\/\/radioljubuski.ba\/index.php\/2021\/06\/05\/prva-vecer-devetnice-sv-anti-na-humcu\/embed\/#?secret=Klg251jkNZ\" width=\"600\" height=\"338\" title=\"&#8220;Prva ve\u010der devetnice sv. Anti na Humcu&#8221; &#8212;   RADIO LJUBU\u0160KI\" data-secret=\"Klg251jkNZ\" frameborder=\"0\" marginwidth=\"0\" marginheight=\"0\" scrolling=\"no\" class=\"wp-embedded-content\"><\/iframe><script>\n\/*! This file is auto-generated *\/\n!function(d,l){\"use strict\";l.querySelector&&d.addEventListener&&\"undefined\"!=typeof URL&&(d.wp=d.wp||{},d.wp.receiveEmbedMessage||(d.wp.receiveEmbedMessage=function(e){var t=e.data;if((t||t.secret||t.message||t.value)&&!\/[^a-zA-Z0-9]\/.test(t.secret)){for(var s,r,n,a=l.querySelectorAll('iframe[data-secret=\"'+t.secret+'\"]'),o=l.querySelectorAll('blockquote[data-secret=\"'+t.secret+'\"]'),c=new RegExp(\"^https?:$\",\"i\"),i=0;i<o.length;i++)o[i].style.display=\"none\";for(i=0;i<a.length;i++)s=a[i],e.source===s.contentWindow&&(s.removeAttribute(\"style\"),\"height\"===t.message?(1e3<(r=parseInt(t.value,10))?r=1e3:~~r<200&&(r=200),s.height=r):\"link\"===t.message&&(r=new URL(s.getAttribute(\"src\")),n=new URL(t.value),c.test(n.protocol))&&n.host===r.host&&l.activeElement===s&&(d.top.location.href=t.value))}},d.addEventListener(\"message\",d.wp.receiveEmbedMessage,!1),l.addEventListener(\"DOMContentLoaded\",function(){for(var e,t,s=l.querySelectorAll(\"iframe.wp-embedded-content\"),r=0;r<s.length;r++)(t=(e=s[r]).getAttribute(\"data-secret\"))||(t=Math.random().toString(36).substring(2,12),e.src+=\"#?secret=\"+t,e.setAttribute(\"data-secret\",t)),e.contentWindow.postMessage({message:\"ready\",secret:t},\"*\")},!1)))}(window,document);\n\/\/# sourceURL=https:\/\/radioljubuski.ba\/wp-includes\/js\/wp-embed.min.js\n<\/script>\n","thumbnail_url":"https:\/\/radioljubuski.ba\/wp-content\/uploads\/2021\/06\/devetnica.jpg","thumbnail_width":1750,"thumbnail_height":1167,"description":"Sino\u0107 su misnim slavljem po\u010dele Devetnice svetom Anti na Humcu. Vrijeme je to duhovne obnove za cijeli ljubu\u0161ki kraj. Molitvu devetnice predmolio je fra Marko Bandi\u0107, pjevao je Dje\u010dji zbor Radost Ljubu\u0161ki, a svetu misu predvodio je fra Ivan Landeka mla\u0111i na temu \u201eOgledalo strpljivosti\u201d. U subotu, drugi dana devetnice, propovijeda gvardijan i upravitelj sveti\u0161ta [&hellip;]"}