{"version":"1.0","provider_name":"  RADIO LJUBU\u0160KI","provider_url":"https:\/\/radioljubuski.ba","title":"Lo\u0161 po\u010detak sezone za p\u010delare u Hercegovini - RADIO LJUBU\u0160KI","type":"rich","width":600,"height":338,"html":"<blockquote class=\"wp-embedded-content\" data-secret=\"sXhZMyolcP\"><a href=\"https:\/\/radioljubuski.ba\/index.php\/2021\/06\/17\/los-pocetak-sezone-za-pcelare-u-hercegovini\/\">Lo\u0161 po\u010detak sezone za p\u010delare u Hercegovini<\/a><\/blockquote><iframe sandbox=\"allow-scripts\" security=\"restricted\" src=\"https:\/\/radioljubuski.ba\/index.php\/2021\/06\/17\/los-pocetak-sezone-za-pcelare-u-hercegovini\/embed\/#?secret=sXhZMyolcP\" width=\"600\" height=\"338\" title=\"&#8220;Lo\u0161 po\u010detak sezone za p\u010delare u Hercegovini&#8221; &#8212;   RADIO LJUBU\u0160KI\" data-secret=\"sXhZMyolcP\" frameborder=\"0\" marginwidth=\"0\" marginheight=\"0\" scrolling=\"no\" class=\"wp-embedded-content\"><\/iframe><script>\n\/*! This file is auto-generated *\/\n!function(d,l){\"use strict\";l.querySelector&&d.addEventListener&&\"undefined\"!=typeof URL&&(d.wp=d.wp||{},d.wp.receiveEmbedMessage||(d.wp.receiveEmbedMessage=function(e){var t=e.data;if((t||t.secret||t.message||t.value)&&!\/[^a-zA-Z0-9]\/.test(t.secret)){for(var s,r,n,a=l.querySelectorAll('iframe[data-secret=\"'+t.secret+'\"]'),o=l.querySelectorAll('blockquote[data-secret=\"'+t.secret+'\"]'),c=new RegExp(\"^https?:$\",\"i\"),i=0;i<o.length;i++)o[i].style.display=\"none\";for(i=0;i<a.length;i++)s=a[i],e.source===s.contentWindow&&(s.removeAttribute(\"style\"),\"height\"===t.message?(1e3<(r=parseInt(t.value,10))?r=1e3:~~r<200&&(r=200),s.height=r):\"link\"===t.message&&(r=new URL(s.getAttribute(\"src\")),n=new URL(t.value),c.test(n.protocol))&&n.host===r.host&&l.activeElement===s&&(d.top.location.href=t.value))}},d.addEventListener(\"message\",d.wp.receiveEmbedMessage,!1),l.addEventListener(\"DOMContentLoaded\",function(){for(var e,t,s=l.querySelectorAll(\"iframe.wp-embedded-content\"),r=0;r<s.length;r++)(t=(e=s[r]).getAttribute(\"data-secret\"))||(t=Math.random().toString(36).substring(2,12),e.src+=\"#?secret=\"+t,e.setAttribute(\"data-secret\",t)),e.contentWindow.postMessage({message:\"ready\",secret:t},\"*\")},!1)))}(window,document);\n\/\/# sourceURL=https:\/\/radioljubuski.ba\/wp-includes\/js\/wp-embed.min.js\n<\/script>\n","thumbnail_url":"https:\/\/radioljubuski.ba\/wp-content\/uploads\/2021\/05\/tCgWaQbr_pcele.jpg","thumbnail_width":1000,"thumbnail_height":625,"description":"Zbog lo\u0161ih vremenskih uvjeta, tre\u0107u godinu zaredom p\u010delari u Hercegovini ostaju bez proljetnog meda. Ve\u0107 je sigurno da ga ne\u0107e biti u prodaji, a koli\u010dine koje se mogu na\u0107i kod proizvo\u0111a\u010da, ograni\u010dene su. Nadaju se da \u0107e sezonu spasiti selidba p\u010delinjaka na ve\u0107e nadmorske visine i jesenje medobranje. Osim gubitaka p\u010delinjih dru\u0161tava, nova neda\u0107a od [&hellip;]"}