{"version":"1.0","provider_name":"  RADIO LJUBU\u0160KI","provider_url":"https:\/\/radioljubuski.ba","title":"Obilje\u017eavanje Dana antifa\u0161isti\u010dke borbe u Brezovici - RADIO LJUBU\u0160KI","type":"rich","width":600,"height":338,"html":"<blockquote class=\"wp-embedded-content\" data-secret=\"1xxaYswk5n\"><a href=\"https:\/\/radioljubuski.ba\/index.php\/2021\/06\/22\/obiljezavanje-dana-antifasisticke-borbe-u-brezovici\/\">Obilje\u017eavanje Dana antifa\u0161isti\u010dke borbe u Brezovici<\/a><\/blockquote><iframe sandbox=\"allow-scripts\" security=\"restricted\" src=\"https:\/\/radioljubuski.ba\/index.php\/2021\/06\/22\/obiljezavanje-dana-antifasisticke-borbe-u-brezovici\/embed\/#?secret=1xxaYswk5n\" width=\"600\" height=\"338\" title=\"&#8220;Obilje\u017eavanje Dana antifa\u0161isti\u010dke borbe u Brezovici&#8221; &#8212;   RADIO LJUBU\u0160KI\" data-secret=\"1xxaYswk5n\" frameborder=\"0\" marginwidth=\"0\" marginheight=\"0\" scrolling=\"no\" class=\"wp-embedded-content\"><\/iframe><script>\n\/*! This file is auto-generated *\/\n!function(d,l){\"use strict\";l.querySelector&&d.addEventListener&&\"undefined\"!=typeof URL&&(d.wp=d.wp||{},d.wp.receiveEmbedMessage||(d.wp.receiveEmbedMessage=function(e){var t=e.data;if((t||t.secret||t.message||t.value)&&!\/[^a-zA-Z0-9]\/.test(t.secret)){for(var s,r,n,a=l.querySelectorAll('iframe[data-secret=\"'+t.secret+'\"]'),o=l.querySelectorAll('blockquote[data-secret=\"'+t.secret+'\"]'),c=new RegExp(\"^https?:$\",\"i\"),i=0;i<o.length;i++)o[i].style.display=\"none\";for(i=0;i<a.length;i++)s=a[i],e.source===s.contentWindow&&(s.removeAttribute(\"style\"),\"height\"===t.message?(1e3<(r=parseInt(t.value,10))?r=1e3:~~r<200&&(r=200),s.height=r):\"link\"===t.message&&(r=new URL(s.getAttribute(\"src\")),n=new URL(t.value),c.test(n.protocol))&&n.host===r.host&&l.activeElement===s&&(d.top.location.href=t.value))}},d.addEventListener(\"message\",d.wp.receiveEmbedMessage,!1),l.addEventListener(\"DOMContentLoaded\",function(){for(var e,t,s=l.querySelectorAll(\"iframe.wp-embedded-content\"),r=0;r<s.length;r++)(t=(e=s[r]).getAttribute(\"data-secret\"))||(t=Math.random().toString(36).substring(2,12),e.src+=\"#?secret=\"+t,e.setAttribute(\"data-secret\",t)),e.contentWindow.postMessage({message:\"ready\",secret:t},\"*\")},!1)))}(window,document);\n\/\/# sourceURL=https:\/\/radioljubuski.ba\/wp-includes\/js\/wp-embed.min.js\n<\/script>\n","thumbnail_url":"https:\/\/radioljubuski.ba\/wp-content\/uploads\/2021\/06\/740x438-sng10-dan-antifasisticke-borbe-prijenos-frame-34780-20210622070827.jpg","thumbnail_width":740,"thumbnail_height":438,"description":"Dan je antifa\u0161isti\u010dke borbe. Na dana\u0161nji dan prije 80 godina u \u0161umi Brezovici kod Siska osnovan je Prvi sisa\u010dki partizanski odred, koji je bio i prva antifa\u0161isti\u010dka postrojba u ovom dijelu Europe. U Spomen-parku Brezovica brojna su izaslanstva polo\u017eila vijence. Sve\u010danost obilje\u017eavanja prvi je put organizirala Vlada, a prvi put sudjeluje i premijer Andrej Plenkovi\u0107.\u00a0 [&hellip;]"}