{"version":"1.0","provider_name":"  RADIO LJUBU\u0160KI","provider_url":"https:\/\/radioljubuski.ba","title":"Turski kamion \u201czaglavio\u201d u Grudama - RADIO LJUBU\u0160KI","type":"rich","width":600,"height":338,"html":"<blockquote class=\"wp-embedded-content\" data-secret=\"KoBSWxdjvK\"><a href=\"https:\/\/radioljubuski.ba\/index.php\/2021\/06\/23\/turski-kamion-zaglavio-u-grudama\/\">Turski kamion \u201czaglavio\u201d u Grudama<\/a><\/blockquote><iframe sandbox=\"allow-scripts\" security=\"restricted\" src=\"https:\/\/radioljubuski.ba\/index.php\/2021\/06\/23\/turski-kamion-zaglavio-u-grudama\/embed\/#?secret=KoBSWxdjvK\" width=\"600\" height=\"338\" title=\"&#8220;Turski kamion \u201czaglavio\u201d u Grudama&#8221; &#8212;   RADIO LJUBU\u0160KI\" data-secret=\"KoBSWxdjvK\" frameborder=\"0\" marginwidth=\"0\" marginheight=\"0\" scrolling=\"no\" class=\"wp-embedded-content\"><\/iframe><script>\n\/*! This file is auto-generated *\/\n!function(d,l){\"use strict\";l.querySelector&&d.addEventListener&&\"undefined\"!=typeof URL&&(d.wp=d.wp||{},d.wp.receiveEmbedMessage||(d.wp.receiveEmbedMessage=function(e){var t=e.data;if((t||t.secret||t.message||t.value)&&!\/[^a-zA-Z0-9]\/.test(t.secret)){for(var s,r,n,a=l.querySelectorAll('iframe[data-secret=\"'+t.secret+'\"]'),o=l.querySelectorAll('blockquote[data-secret=\"'+t.secret+'\"]'),c=new RegExp(\"^https?:$\",\"i\"),i=0;i<o.length;i++)o[i].style.display=\"none\";for(i=0;i<a.length;i++)s=a[i],e.source===s.contentWindow&&(s.removeAttribute(\"style\"),\"height\"===t.message?(1e3<(r=parseInt(t.value,10))?r=1e3:~~r<200&&(r=200),s.height=r):\"link\"===t.message&&(r=new URL(s.getAttribute(\"src\")),n=new URL(t.value),c.test(n.protocol))&&n.host===r.host&&l.activeElement===s&&(d.top.location.href=t.value))}},d.addEventListener(\"message\",d.wp.receiveEmbedMessage,!1),l.addEventListener(\"DOMContentLoaded\",function(){for(var e,t,s=l.querySelectorAll(\"iframe.wp-embedded-content\"),r=0;r<s.length;r++)(t=(e=s[r]).getAttribute(\"data-secret\"))||(t=Math.random().toString(36).substring(2,12),e.src+=\"#?secret=\"+t,e.setAttribute(\"data-secret\",t)),e.contentWindow.postMessage({message:\"ready\",secret:t},\"*\")},!1)))}(window,document);\n\/\/# sourceURL=https:\/\/radioljubuski.ba\/wp-includes\/js\/wp-embed.min.js\n<\/script>\n","thumbnail_url":"https:\/\/radioljubuski.ba\/wp-content\/uploads\/2021\/06\/grude-kamion.jpg","thumbnail_width":1024,"thumbnail_height":687,"description":"Teglja\u010d marke Renault, turskih registracijskih oznaka se zaglavio na plo\u010dniku u Grudama u srijedu oko 11:30 sati. Zbog ove prometne nezgode koja se dogodila u&nbsp;Ulici fra Gabre Grubi\u0161i\u0107a, promet je&nbsp;privremeno onemogu\u0107en. Kako javljaju \u010ditatelji portala&nbsp;Jabuka.tv,&nbsp;voza\u010d uz pomo\u0107 prolaznika i mje\u0161tana&nbsp;poku\u0161ava rije\u0161iti nastali problem. Voza\u010di se pozivaju na oprez i&nbsp;kori\u0161tenje alternativnih pravaca, kako ne bi ometali [&hellip;]"}