{"version":"1.0","provider_name":"  RADIO LJUBU\u0160KI","provider_url":"https:\/\/radioljubuski.ba","title":"Tradicionalna Hodnja mira od Humca do Me\u0111ugorja - RADIO LJUBU\u0160KI","type":"rich","width":600,"height":338,"html":"<blockquote class=\"wp-embedded-content\" data-secret=\"EVQJ1Pk8er\"><a href=\"https:\/\/radioljubuski.ba\/index.php\/2021\/06\/24\/tradicionalna-hodnja-mira-od-humca-do-medugorja\/\">Tradicionalna Hodnja mira od Humca do Me\u0111ugorja<\/a><\/blockquote><iframe sandbox=\"allow-scripts\" security=\"restricted\" src=\"https:\/\/radioljubuski.ba\/index.php\/2021\/06\/24\/tradicionalna-hodnja-mira-od-humca-do-medugorja\/embed\/#?secret=EVQJ1Pk8er\" width=\"600\" height=\"338\" title=\"&#8220;Tradicionalna Hodnja mira od Humca do Me\u0111ugorja&#8221; &#8212;   RADIO LJUBU\u0160KI\" data-secret=\"EVQJ1Pk8er\" frameborder=\"0\" marginwidth=\"0\" marginheight=\"0\" scrolling=\"no\" class=\"wp-embedded-content\"><\/iframe><script>\n\/*! This file is auto-generated *\/\n!function(d,l){\"use strict\";l.querySelector&&d.addEventListener&&\"undefined\"!=typeof URL&&(d.wp=d.wp||{},d.wp.receiveEmbedMessage||(d.wp.receiveEmbedMessage=function(e){var t=e.data;if((t||t.secret||t.message||t.value)&&!\/[^a-zA-Z0-9]\/.test(t.secret)){for(var s,r,n,a=l.querySelectorAll('iframe[data-secret=\"'+t.secret+'\"]'),o=l.querySelectorAll('blockquote[data-secret=\"'+t.secret+'\"]'),c=new RegExp(\"^https?:$\",\"i\"),i=0;i<o.length;i++)o[i].style.display=\"none\";for(i=0;i<a.length;i++)s=a[i],e.source===s.contentWindow&&(s.removeAttribute(\"style\"),\"height\"===t.message?(1e3<(r=parseInt(t.value,10))?r=1e3:~~r<200&&(r=200),s.height=r):\"link\"===t.message&&(r=new URL(s.getAttribute(\"src\")),n=new URL(t.value),c.test(n.protocol))&&n.host===r.host&&l.activeElement===s&&(d.top.location.href=t.value))}},d.addEventListener(\"message\",d.wp.receiveEmbedMessage,!1),l.addEventListener(\"DOMContentLoaded\",function(){for(var e,t,s=l.querySelectorAll(\"iframe.wp-embedded-content\"),r=0;r<s.length;r++)(t=(e=s[r]).getAttribute(\"data-secret\"))||(t=Math.random().toString(36).substring(2,12),e.src+=\"#?secret=\"+t,e.setAttribute(\"data-secret\",t)),e.contentWindow.postMessage({message:\"ready\",secret:t},\"*\")},!1)))}(window,document);\n\/\/# sourceURL=https:\/\/radioljubuski.ba\/wp-includes\/js\/wp-embed.min.js\n<\/script>\n","thumbnail_url":"https:\/\/radioljubuski.ba\/wp-content\/uploads\/2021\/06\/hodnja-mira-1.jpg","thumbnail_width":1024,"thumbnail_height":753,"description":"Na blagdan ro\u0111enja sv. Ivana Krstitelja mno\u0161tvo vjernika okupilo se na Humcu odakle su krenuli u tradicionalnu Hodnju mira prema Me\u0111ugorju. Naime, u 6 sati molitvena povorka je krenula ispred samostana Svetog Ante na Humcu, a dolazak pred \u017eupnu crkvu u Me\u0111ugorju predvi\u0111en je oko 10 sati. Tijekom hodnje vjernici i mnogobrojni hodo\u010dasnici po obi\u010daju [&hellip;]"}