{"version":"1.0","provider_name":"  RADIO LJUBU\u0160KI","provider_url":"https:\/\/radioljubuski.ba","title":"U utorak sve\u0107eni\u010dko re\u0111enje u Mostaru - RADIO LJUBU\u0160KI","type":"rich","width":600,"height":338,"html":"<blockquote class=\"wp-embedded-content\" data-secret=\"94cliXvnfa\"><a href=\"https:\/\/radioljubuski.ba\/index.php\/2021\/06\/27\/u-utorak-svecenicko-redenje-u-mostaru\/\">U utorak sve\u0107eni\u010dko re\u0111enje u Mostaru<\/a><\/blockquote><iframe sandbox=\"allow-scripts\" security=\"restricted\" src=\"https:\/\/radioljubuski.ba\/index.php\/2021\/06\/27\/u-utorak-svecenicko-redenje-u-mostaru\/embed\/#?secret=94cliXvnfa\" width=\"600\" height=\"338\" title=\"&#8220;U utorak sve\u0107eni\u010dko re\u0111enje u Mostaru&#8221; &#8212;   RADIO LJUBU\u0160KI\" data-secret=\"94cliXvnfa\" frameborder=\"0\" marginwidth=\"0\" marginheight=\"0\" scrolling=\"no\" class=\"wp-embedded-content\"><\/iframe><script>\n\/*! This file is auto-generated *\/\n!function(d,l){\"use strict\";l.querySelector&&d.addEventListener&&\"undefined\"!=typeof URL&&(d.wp=d.wp||{},d.wp.receiveEmbedMessage||(d.wp.receiveEmbedMessage=function(e){var t=e.data;if((t||t.secret||t.message||t.value)&&!\/[^a-zA-Z0-9]\/.test(t.secret)){for(var s,r,n,a=l.querySelectorAll('iframe[data-secret=\"'+t.secret+'\"]'),o=l.querySelectorAll('blockquote[data-secret=\"'+t.secret+'\"]'),c=new RegExp(\"^https?:$\",\"i\"),i=0;i<o.length;i++)o[i].style.display=\"none\";for(i=0;i<a.length;i++)s=a[i],e.source===s.contentWindow&&(s.removeAttribute(\"style\"),\"height\"===t.message?(1e3<(r=parseInt(t.value,10))?r=1e3:~~r<200&&(r=200),s.height=r):\"link\"===t.message&&(r=new URL(s.getAttribute(\"src\")),n=new URL(t.value),c.test(n.protocol))&&n.host===r.host&&l.activeElement===s&&(d.top.location.href=t.value))}},d.addEventListener(\"message\",d.wp.receiveEmbedMessage,!1),l.addEventListener(\"DOMContentLoaded\",function(){for(var e,t,s=l.querySelectorAll(\"iframe.wp-embedded-content\"),r=0;r<s.length;r++)(t=(e=s[r]).getAttribute(\"data-secret\"))||(t=Math.random().toString(36).substring(2,12),e.src+=\"#?secret=\"+t,e.setAttribute(\"data-secret\",t)),e.contentWindow.postMessage({message:\"ready\",secret:t},\"*\")},!1)))}(window,document);\n\/\/# sourceURL=https:\/\/radioljubuski.ba\/wp-includes\/js\/wp-embed.min.js\n<\/script>\n","thumbnail_url":"https:\/\/radioljubuski.ba\/wp-content\/uploads\/2021\/06\/2-2021-06-27-10-48-43-Redenje-mostar.jpg","thumbnail_width":1000,"thumbnail_height":625,"description":"U utorak, 29. lipnja 2021., mostarsko-duvanjski biskup mons. dr. Petar Pali\u0107 podijelit \u0107e sada\u0161njim \u0111akonima sveti red prezbiterata. Kandidati Hercegova\u010dke franjeva\u010dke provincije su: fra Marko Bandi\u0107, \u017eupa sv. Ivana Krstitelja, Ru\u017ei\u0107i.fra Tomislav Crnogorac, \u017eupa Bezgrje\u0161nog za\u010de\u0107a BDM, Posu\u0161je.fra Luka \u0106ori\u0107, \u017eupa Uznesenja BDM, \u0160iroki Brijeg.fra D\u017eoni Dragi\u0107, \u017eupa sv. Mateja, Mostar.fra Andrija Maji\u0107, \u017eupa sv. [&hellip;]"}