{"version":"1.0","provider_name":"  RADIO LJUBU\u0160KI","provider_url":"https:\/\/radioljubuski.ba","title":"Lo\u0161 dan za Hrvatice - RADIO LJUBU\u0160KI","type":"rich","width":600,"height":338,"html":"<blockquote class=\"wp-embedded-content\" data-secret=\"7bG0MUYzOt\"><a href=\"https:\/\/radioljubuski.ba\/index.php\/2021\/06\/30\/los-dan-za-hrvatice\/\">Lo\u0161 dan za Hrvatice<\/a><\/blockquote><iframe sandbox=\"allow-scripts\" security=\"restricted\" src=\"https:\/\/radioljubuski.ba\/index.php\/2021\/06\/30\/los-dan-za-hrvatice\/embed\/#?secret=7bG0MUYzOt\" width=\"600\" height=\"338\" title=\"&#8220;Lo\u0161 dan za Hrvatice&#8221; &#8212;   RADIO LJUBU\u0160KI\" data-secret=\"7bG0MUYzOt\" frameborder=\"0\" marginwidth=\"0\" marginheight=\"0\" scrolling=\"no\" class=\"wp-embedded-content\"><\/iframe><script>\n\/*! This file is auto-generated *\/\n!function(d,l){\"use strict\";l.querySelector&&d.addEventListener&&\"undefined\"!=typeof URL&&(d.wp=d.wp||{},d.wp.receiveEmbedMessage||(d.wp.receiveEmbedMessage=function(e){var t=e.data;if((t||t.secret||t.message||t.value)&&!\/[^a-zA-Z0-9]\/.test(t.secret)){for(var s,r,n,a=l.querySelectorAll('iframe[data-secret=\"'+t.secret+'\"]'),o=l.querySelectorAll('blockquote[data-secret=\"'+t.secret+'\"]'),c=new RegExp(\"^https?:$\",\"i\"),i=0;i<o.length;i++)o[i].style.display=\"none\";for(i=0;i<a.length;i++)s=a[i],e.source===s.contentWindow&&(s.removeAttribute(\"style\"),\"height\"===t.message?(1e3<(r=parseInt(t.value,10))?r=1e3:~~r<200&&(r=200),s.height=r):\"link\"===t.message&&(r=new URL(s.getAttribute(\"src\")),n=new URL(t.value),c.test(n.protocol))&&n.host===r.host&&l.activeElement===s&&(d.top.location.href=t.value))}},d.addEventListener(\"message\",d.wp.receiveEmbedMessage,!1),l.addEventListener(\"DOMContentLoaded\",function(){for(var e,t,s=l.querySelectorAll(\"iframe.wp-embedded-content\"),r=0;r<s.length;r++)(t=(e=s[r]).getAttribute(\"data-secret\"))||(t=Math.random().toString(36).substring(2,12),e.src+=\"#?secret=\"+t,e.setAttribute(\"data-secret\",t)),e.contentWindow.postMessage({message:\"ready\",secret:t},\"*\")},!1)))}(window,document);\n\/\/# sourceURL=https:\/\/radioljubuski.ba\/wp-includes\/js\/wp-embed.min.js\n<\/script>\n","description":"Hrvatski tenis vi\u0161e nema predstavnica u pojedina\u010dnoj konkurenciji na Wimbledonu. Nakon Donne Veki\u0107 i Ane Konjuh, u drugom je kolu pora\u017eena i Petra Marti\u0107 od Rumunjke Irine-Camelije Begu, 79. na WTA ljestvici, sa 7:5, 6:7 (7), 6:3 za dva sata i 37 minuta igre.&nbsp; Kad je Marti\u0107 u tie-breaku drugog seta spasila dvije me\u010d-lopte (kod [&hellip;]","thumbnail_url":"https:\/\/radioljubuski.ba\/wp-content\/uploads\/2021\/06\/petramartic-WimHina.jpg","thumbnail_width":625,"thumbnail_height":451}