{"version":"1.0","provider_name":"  RADIO LJUBU\u0160KI","provider_url":"https:\/\/radioljubuski.ba","title":"Mijenja se na\u010din ispisa EU digitalnih COVID potvrda - RADIO LJUBU\u0160KI","type":"rich","width":600,"height":338,"html":"<blockquote class=\"wp-embedded-content\" data-secret=\"6FBCXjZeBm\"><a href=\"https:\/\/radioljubuski.ba\/index.php\/2021\/08\/13\/mijenja-se-nacin-ispisa-eu-digitalnih-covid-potvrda\/\">Mijenja se na\u010din ispisa EU digitalnih COVID potvrda<\/a><\/blockquote><iframe sandbox=\"allow-scripts\" security=\"restricted\" src=\"https:\/\/radioljubuski.ba\/index.php\/2021\/08\/13\/mijenja-se-nacin-ispisa-eu-digitalnih-covid-potvrda\/embed\/#?secret=6FBCXjZeBm\" width=\"600\" height=\"338\" title=\"&#8220;Mijenja se na\u010din ispisa EU digitalnih COVID potvrda&#8221; &#8212;   RADIO LJUBU\u0160KI\" data-secret=\"6FBCXjZeBm\" frameborder=\"0\" marginwidth=\"0\" marginheight=\"0\" scrolling=\"no\" class=\"wp-embedded-content\"><\/iframe><script>\n\/*! This file is auto-generated *\/\n!function(d,l){\"use strict\";l.querySelector&&d.addEventListener&&\"undefined\"!=typeof URL&&(d.wp=d.wp||{},d.wp.receiveEmbedMessage||(d.wp.receiveEmbedMessage=function(e){var t=e.data;if((t||t.secret||t.message||t.value)&&!\/[^a-zA-Z0-9]\/.test(t.secret)){for(var s,r,n,a=l.querySelectorAll('iframe[data-secret=\"'+t.secret+'\"]'),o=l.querySelectorAll('blockquote[data-secret=\"'+t.secret+'\"]'),c=new RegExp(\"^https?:$\",\"i\"),i=0;i<o.length;i++)o[i].style.display=\"none\";for(i=0;i<a.length;i++)s=a[i],e.source===s.contentWindow&&(s.removeAttribute(\"style\"),\"height\"===t.message?(1e3<(r=parseInt(t.value,10))?r=1e3:~~r<200&&(r=200),s.height=r):\"link\"===t.message&&(r=new URL(s.getAttribute(\"src\")),n=new URL(t.value),c.test(n.protocol))&&n.host===r.host&&l.activeElement===s&&(d.top.location.href=t.value))}},d.addEventListener(\"message\",d.wp.receiveEmbedMessage,!1),l.addEventListener(\"DOMContentLoaded\",function(){for(var e,t,s=l.querySelectorAll(\"iframe.wp-embedded-content\"),r=0;r<s.length;r++)(t=(e=s[r]).getAttribute(\"data-secret\"))||(t=Math.random().toString(36).substring(2,12),e.src+=\"#?secret=\"+t,e.setAttribute(\"data-secret\",t)),e.contentWindow.postMessage({message:\"ready\",secret:t},\"*\")},!1)))}(window,document);\n\/\/# sourceURL=https:\/\/radioljubuski.ba\/wp-includes\/js\/wp-embed.min.js\n<\/script>\n","thumbnail_url":"https:\/\/radioljubuski.ba\/wp-content\/uploads\/2021\/08\/8-2021-05-11-18-48-50-covid.png","thumbnail_width":1000,"thumbnail_height":625,"description":"Mijenja se na\u010din ispisa EU digitalnih COVID potvrda koje sadr\u017eavaju ispisane pune vrijednosti temeljem kojih je osoba stekla status za izdavanje dokumenta, priop\u0107eno je iz Agencije za komercijalnu djelatnost (AKD). AKD navodi kako od 13. kolovoza izdaju EU digitalne COVID potvrde koje sadr\u017eavaju ispisane pune vrijednosti podataka temeljem kojih je osoba stekla status za izdavanje [&hellip;]"}