{"version":"1.0","provider_name":"  RADIO LJUBU\u0160KI","provider_url":"https:\/\/radioljubuski.ba","title":"\u0160ezdeset godina od po\u010detka gradnje Berlinskog zida - RADIO LJUBU\u0160KI","type":"rich","width":600,"height":338,"html":"<blockquote class=\"wp-embedded-content\" data-secret=\"PNky9MNGZA\"><a href=\"https:\/\/radioljubuski.ba\/index.php\/2021\/08\/13\/sezdeset-godina-od-pocetka-gradnje-berlinskog-zida\/\">\u0160ezdeset godina od po\u010detka gradnje Berlinskog zida<\/a><\/blockquote><iframe sandbox=\"allow-scripts\" security=\"restricted\" src=\"https:\/\/radioljubuski.ba\/index.php\/2021\/08\/13\/sezdeset-godina-od-pocetka-gradnje-berlinskog-zida\/embed\/#?secret=PNky9MNGZA\" width=\"600\" height=\"338\" title=\"&#8220;\u0160ezdeset godina od po\u010detka gradnje Berlinskog zida&#8221; &#8212;   RADIO LJUBU\u0160KI\" data-secret=\"PNky9MNGZA\" frameborder=\"0\" marginwidth=\"0\" marginheight=\"0\" scrolling=\"no\" class=\"wp-embedded-content\"><\/iframe><script>\n\/*! This file is auto-generated *\/\n!function(d,l){\"use strict\";l.querySelector&&d.addEventListener&&\"undefined\"!=typeof URL&&(d.wp=d.wp||{},d.wp.receiveEmbedMessage||(d.wp.receiveEmbedMessage=function(e){var t=e.data;if((t||t.secret||t.message||t.value)&&!\/[^a-zA-Z0-9]\/.test(t.secret)){for(var s,r,n,a=l.querySelectorAll('iframe[data-secret=\"'+t.secret+'\"]'),o=l.querySelectorAll('blockquote[data-secret=\"'+t.secret+'\"]'),c=new RegExp(\"^https?:$\",\"i\"),i=0;i<o.length;i++)o[i].style.display=\"none\";for(i=0;i<a.length;i++)s=a[i],e.source===s.contentWindow&&(s.removeAttribute(\"style\"),\"height\"===t.message?(1e3<(r=parseInt(t.value,10))?r=1e3:~~r<200&&(r=200),s.height=r):\"link\"===t.message&&(r=new URL(s.getAttribute(\"src\")),n=new URL(t.value),c.test(n.protocol))&&n.host===r.host&&l.activeElement===s&&(d.top.location.href=t.value))}},d.addEventListener(\"message\",d.wp.receiveEmbedMessage,!1),l.addEventListener(\"DOMContentLoaded\",function(){for(var e,t,s=l.querySelectorAll(\"iframe.wp-embedded-content\"),r=0;r<s.length;r++)(t=(e=s[r]).getAttribute(\"data-secret\"))||(t=Math.random().toString(36).substring(2,12),e.src+=\"#?secret=\"+t,e.setAttribute(\"data-secret\",t)),e.contentWindow.postMessage({message:\"ready\",secret:t},\"*\")},!1)))}(window,document);\n\/\/# sourceURL=https:\/\/radioljubuski.ba\/wp-includes\/js\/wp-embed.min.js\n<\/script>\n","thumbnail_url":"https:\/\/radioljubuski.ba\/wp-content\/uploads\/2021\/08\/2-2021-08-13-08-44-28-berlinski-zid.jpg","thumbnail_width":1000,"thumbnail_height":625,"description":"\u201eNitko nema namjeru podi\u0107i nekakav zid\u201c. Re\u010denica koju je svojim piskutavim glasom 15. srpnja 1961. izrekao predsjednik Isto\u010dne Njema\u010dke Walter Ulbricht duboko se urezala u svijest njema\u010dkih gra\u0111ana.&nbsp; Manje od mjesec dana kasnije, 13. kolovoza odmah nakon pono\u0107i, u isto\u010dnom dijelu Berlina po\u010dela je \u201eAkcija ru\u017ea\u201c Bio je to tajni naziv za gradnju objekta koji [&hellip;]"}