{"version":"1.0","provider_name":"  RADIO LJUBU\u0160KI","provider_url":"https:\/\/radioljubuski.ba","title":"Na festivalu u Slunju umro mladi Nijemac (22) - RADIO LJUBU\u0160KI","type":"rich","width":600,"height":338,"html":"<blockquote class=\"wp-embedded-content\" data-secret=\"FBqcuJiKp6\"><a href=\"https:\/\/radioljubuski.ba\/index.php\/2021\/08\/14\/na-festivalu-u-slunju-umro-mladi-nijemac-22\/\">Na festivalu u Slunju umro mladi Nijemac (22)<\/a><\/blockquote><iframe sandbox=\"allow-scripts\" security=\"restricted\" src=\"https:\/\/radioljubuski.ba\/index.php\/2021\/08\/14\/na-festivalu-u-slunju-umro-mladi-nijemac-22\/embed\/#?secret=FBqcuJiKp6\" width=\"600\" height=\"338\" title=\"&#8220;Na festivalu u Slunju umro mladi Nijemac (22)&#8221; &#8212;   RADIO LJUBU\u0160KI\" data-secret=\"FBqcuJiKp6\" frameborder=\"0\" marginwidth=\"0\" marginheight=\"0\" scrolling=\"no\" class=\"wp-embedded-content\"><\/iframe><script>\n\/*! This file is auto-generated *\/\n!function(d,l){\"use strict\";l.querySelector&&d.addEventListener&&\"undefined\"!=typeof URL&&(d.wp=d.wp||{},d.wp.receiveEmbedMessage||(d.wp.receiveEmbedMessage=function(e){var t=e.data;if((t||t.secret||t.message||t.value)&&!\/[^a-zA-Z0-9]\/.test(t.secret)){for(var s,r,n,a=l.querySelectorAll('iframe[data-secret=\"'+t.secret+'\"]'),o=l.querySelectorAll('blockquote[data-secret=\"'+t.secret+'\"]'),c=new RegExp(\"^https?:$\",\"i\"),i=0;i<o.length;i++)o[i].style.display=\"none\";for(i=0;i<a.length;i++)s=a[i],e.source===s.contentWindow&&(s.removeAttribute(\"style\"),\"height\"===t.message?(1e3<(r=parseInt(t.value,10))?r=1e3:~~r<200&&(r=200),s.height=r):\"link\"===t.message&&(r=new URL(s.getAttribute(\"src\")),n=new URL(t.value),c.test(n.protocol))&&n.host===r.host&&l.activeElement===s&&(d.top.location.href=t.value))}},d.addEventListener(\"message\",d.wp.receiveEmbedMessage,!1),l.addEventListener(\"DOMContentLoaded\",function(){for(var e,t,s=l.querySelectorAll(\"iframe.wp-embedded-content\"),r=0;r<s.length;r++)(t=(e=s[r]).getAttribute(\"data-secret\"))||(t=Math.random().toString(36).substring(2,12),e.src+=\"#?secret=\"+t,e.setAttribute(\"data-secret\",t)),e.contentWindow.postMessage({message:\"ready\",secret:t},\"*\")},!1)))}(window,document);\n\/\/# sourceURL=https:\/\/radioljubuski.ba\/wp-includes\/js\/wp-embed.min.js\n<\/script>\n","thumbnail_url":"https:\/\/radioljubuski.ba\/wp-content\/uploads\/2021\/08\/ba190489-74b4-48e4-aeb5-a6adbfcd5ae7.jpg","thumbnail_width":500,"thumbnail_height":274,"description":"Danas je oko 16:30 na festivalu u Slunju umro mladi njema\u010dki dr\u017eavljanin (22).&nbsp; &#8220;Danas oko 16:30, u mjestu Donje Primi\u0161lje, u gradu Slunju, na prostoru gdje se odr\u017eava festival glazbe, prona\u0111en je 22-godi\u0161nji dr\u017eavljanin Njema\u010dke, koji je unato\u010d pru\u017eenoj hitnoj medicinskoj pomo\u0107i preminuo&#8221;, javljaju iz policije.&nbsp; O\u010devid je u tijeku.&nbsp; Izvor:index.hr"}