{"version":"1.0","provider_name":"  RADIO LJUBU\u0160KI","provider_url":"https:\/\/radioljubuski.ba","title":"Dinamo nekoliko tjedana bez Peri\u0107a - RADIO LJUBU\u0160KI","type":"rich","width":600,"height":338,"html":"<blockquote class=\"wp-embedded-content\" data-secret=\"fjCOHlY0o2\"><a href=\"https:\/\/radioljubuski.ba\/index.php\/2021\/08\/19\/dinamo-nekoliko-tjedana-bez-perica\/\">Dinamo nekoliko tjedana bez Peri\u0107a<\/a><\/blockquote><iframe sandbox=\"allow-scripts\" security=\"restricted\" src=\"https:\/\/radioljubuski.ba\/index.php\/2021\/08\/19\/dinamo-nekoliko-tjedana-bez-perica\/embed\/#?secret=fjCOHlY0o2\" width=\"600\" height=\"338\" title=\"&#8220;Dinamo nekoliko tjedana bez Peri\u0107a&#8221; &#8212;   RADIO LJUBU\u0160KI\" data-secret=\"fjCOHlY0o2\" frameborder=\"0\" marginwidth=\"0\" marginheight=\"0\" scrolling=\"no\" class=\"wp-embedded-content\"><\/iframe><script>\n\/*! This file is auto-generated *\/\n!function(d,l){\"use strict\";l.querySelector&&d.addEventListener&&\"undefined\"!=typeof URL&&(d.wp=d.wp||{},d.wp.receiveEmbedMessage||(d.wp.receiveEmbedMessage=function(e){var t=e.data;if((t||t.secret||t.message||t.value)&&!\/[^a-zA-Z0-9]\/.test(t.secret)){for(var s,r,n,a=l.querySelectorAll('iframe[data-secret=\"'+t.secret+'\"]'),o=l.querySelectorAll('blockquote[data-secret=\"'+t.secret+'\"]'),c=new RegExp(\"^https?:$\",\"i\"),i=0;i<o.length;i++)o[i].style.display=\"none\";for(i=0;i<a.length;i++)s=a[i],e.source===s.contentWindow&&(s.removeAttribute(\"style\"),\"height\"===t.message?(1e3<(r=parseInt(t.value,10))?r=1e3:~~r<200&&(r=200),s.height=r):\"link\"===t.message&&(r=new URL(s.getAttribute(\"src\")),n=new URL(t.value),c.test(n.protocol))&&n.host===r.host&&l.activeElement===s&&(d.top.location.href=t.value))}},d.addEventListener(\"message\",d.wp.receiveEmbedMessage,!1),l.addEventListener(\"DOMContentLoaded\",function(){for(var e,t,s=l.querySelectorAll(\"iframe.wp-embedded-content\"),r=0;r<s.length;r++)(t=(e=s[r]).getAttribute(\"data-secret\"))||(t=Math.random().toString(36).substring(2,12),e.src+=\"#?secret=\"+t,e.setAttribute(\"data-secret\",t)),e.contentWindow.postMessage({message:\"ready\",secret:t},\"*\")},!1)))}(window,document);\n\/\/# sourceURL=https:\/\/radioljubuski.ba\/wp-includes\/js\/wp-embed.min.js\n<\/script>\n","thumbnail_url":"https:\/\/radioljubuski.ba\/wp-content\/uploads\/2021\/08\/peric-dino1908-20210819160256.jpg","thumbnail_width":2248,"thumbnail_height":1452,"description":"Dinamov brani\u010d Dino Peri\u0107 izostat \u0107e s nogometnih terena nekoliko tjedana, objavio je Dinamo nekon lije\u010dni\u010dkog pregleda. To zna\u010di da Krznar sigurno ne mo\u017ee ra\u010dunati na njega za uzvratni dvoboj doigravanja Lige prvaka protiv \u0160erifa. Peri\u0107 se ozlijedio i morao je biti zamijenjen u 21. minuti dvoboja Dinama u Tiraspolu. Izgledalo je lo\u0161e, no pregled [&hellip;]"}