{"version":"1.0","provider_name":"  RADIO LJUBU\u0160KI","provider_url":"https:\/\/radioljubuski.ba","title":"Vojna vje\u017eba na podru\u010dju Mostara - RADIO LJUBU\u0160KI","type":"rich","width":600,"height":338,"html":"<blockquote class=\"wp-embedded-content\" data-secret=\"sieLy7T16m\"><a href=\"https:\/\/radioljubuski.ba\/index.php\/2021\/09\/27\/vojna-vjezba-na-podrucju-mostara\/\">Vojna vje\u017eba na podru\u010dju Mostara<\/a><\/blockquote><iframe sandbox=\"allow-scripts\" security=\"restricted\" src=\"https:\/\/radioljubuski.ba\/index.php\/2021\/09\/27\/vojna-vjezba-na-podrucju-mostara\/embed\/#?secret=sieLy7T16m\" width=\"600\" height=\"338\" title=\"&#8220;Vojna vje\u017eba na podru\u010dju Mostara&#8221; &#8212;   RADIO LJUBU\u0160KI\" data-secret=\"sieLy7T16m\" frameborder=\"0\" marginwidth=\"0\" marginheight=\"0\" scrolling=\"no\" class=\"wp-embedded-content\"><\/iframe><script>\n\/*! This file is auto-generated *\/\n!function(d,l){\"use strict\";l.querySelector&&d.addEventListener&&\"undefined\"!=typeof URL&&(d.wp=d.wp||{},d.wp.receiveEmbedMessage||(d.wp.receiveEmbedMessage=function(e){var t=e.data;if((t||t.secret||t.message||t.value)&&!\/[^a-zA-Z0-9]\/.test(t.secret)){for(var s,r,n,a=l.querySelectorAll('iframe[data-secret=\"'+t.secret+'\"]'),o=l.querySelectorAll('blockquote[data-secret=\"'+t.secret+'\"]'),c=new RegExp(\"^https?:$\",\"i\"),i=0;i<o.length;i++)o[i].style.display=\"none\";for(i=0;i<a.length;i++)s=a[i],e.source===s.contentWindow&&(s.removeAttribute(\"style\"),\"height\"===t.message?(1e3<(r=parseInt(t.value,10))?r=1e3:~~r<200&&(r=200),s.height=r):\"link\"===t.message&&(r=new URL(s.getAttribute(\"src\")),n=new URL(t.value),c.test(n.protocol))&&n.host===r.host&&l.activeElement===s&&(d.top.location.href=t.value))}},d.addEventListener(\"message\",d.wp.receiveEmbedMessage,!1),l.addEventListener(\"DOMContentLoaded\",function(){for(var e,t,s=l.querySelectorAll(\"iframe.wp-embedded-content\"),r=0;r<s.length;r++)(t=(e=s[r]).getAttribute(\"data-secret\"))||(t=Math.random().toString(36).substring(2,12),e.src+=\"#?secret=\"+t,e.setAttribute(\"data-secret\",t)),e.contentWindow.postMessage({message:\"ready\",secret:t},\"*\")},!1)))}(window,document);\n\/\/# sourceURL=https:\/\/radioljubuski.ba\/wp-includes\/js\/wp-embed.min.js\n<\/script>\n","thumbnail_url":"https:\/\/radioljubuski.ba\/wp-content\/uploads\/2021\/09\/a5LbPsT8_vojska.jpg","thumbnail_width":1000,"thumbnail_height":625,"description":"Dana 28.9. i 29.9.2021.g (utorak i srijeda), u vremenu od 07:00-15:00 sati na \u0161irem podru\u010dju Grada Mostara (lokaliteti:Planinica, Brkanovo brdo, Ruji\u0161ta i Zijemlja ) odr\u017eat \u0107e se terenska vje\u017eba \u201eNICS Mostar 2021\u201c u kojoj \u0107e sudjelovati pripadnici Ministarstva sigurnosti i Ministarstva obrane BiH, OS BiH (pje\u0161adijska i helikopterska podr\u0161ka) Helikopterski servis RS (helikopterska podr\u0161ka), Uprava [&hellip;]"}