{"version":"1.0","provider_name":"  RADIO LJUBU\u0160KI","provider_url":"https:\/\/radioljubuski.ba","title":"Ustavni sud bira \u010delnika za idu\u0107e \u010detiri godine - RADIO LJUBU\u0160KI","type":"rich","width":600,"height":338,"html":"<blockquote class=\"wp-embedded-content\" data-secret=\"2421YHDNaz\"><a href=\"https:\/\/radioljubuski.ba\/index.php\/2021\/10\/11\/ustavni-sud-bira-celnika-za-iduce-cetiri-godine\/\">Ustavni sud bira \u010delnika za idu\u0107e \u010detiri godine<\/a><\/blockquote><iframe sandbox=\"allow-scripts\" security=\"restricted\" src=\"https:\/\/radioljubuski.ba\/index.php\/2021\/10\/11\/ustavni-sud-bira-celnika-za-iduce-cetiri-godine\/embed\/#?secret=2421YHDNaz\" width=\"600\" height=\"338\" title=\"&#8220;Ustavni sud bira \u010delnika za idu\u0107e \u010detiri godine&#8221; &#8212;   RADIO LJUBU\u0160KI\" data-secret=\"2421YHDNaz\" frameborder=\"0\" marginwidth=\"0\" marginheight=\"0\" scrolling=\"no\" class=\"wp-embedded-content\"><\/iframe><script>\n\/*! This file is auto-generated *\/\n!function(d,l){\"use strict\";l.querySelector&&d.addEventListener&&\"undefined\"!=typeof URL&&(d.wp=d.wp||{},d.wp.receiveEmbedMessage||(d.wp.receiveEmbedMessage=function(e){var t=e.data;if((t||t.secret||t.message||t.value)&&!\/[^a-zA-Z0-9]\/.test(t.secret)){for(var s,r,n,a=l.querySelectorAll('iframe[data-secret=\"'+t.secret+'\"]'),o=l.querySelectorAll('blockquote[data-secret=\"'+t.secret+'\"]'),c=new RegExp(\"^https?:$\",\"i\"),i=0;i<o.length;i++)o[i].style.display=\"none\";for(i=0;i<a.length;i++)s=a[i],e.source===s.contentWindow&&(s.removeAttribute(\"style\"),\"height\"===t.message?(1e3<(r=parseInt(t.value,10))?r=1e3:~~r<200&&(r=200),s.height=r):\"link\"===t.message&&(r=new URL(s.getAttribute(\"src\")),n=new URL(t.value),c.test(n.protocol))&&n.host===r.host&&l.activeElement===s&&(d.top.location.href=t.value))}},d.addEventListener(\"message\",d.wp.receiveEmbedMessage,!1),l.addEventListener(\"DOMContentLoaded\",function(){for(var e,t,s=l.querySelectorAll(\"iframe.wp-embedded-content\"),r=0;r<s.length;r++)(t=(e=s[r]).getAttribute(\"data-secret\"))||(t=Math.random().toString(36).substring(2,12),e.src+=\"#?secret=\"+t,e.setAttribute(\"data-secret\",t)),e.contentWindow.postMessage({message:\"ready\",secret:t},\"*\")},!1)))}(window,document);\n\/\/# sourceURL=https:\/\/radioljubuski.ba\/wp-includes\/js\/wp-embed.min.js\n<\/script>\n","thumbnail_url":"https:\/\/radioljubuski.ba\/wp-content\/uploads\/2021\/10\/8740631.jpg","thumbnail_width":1920,"thumbnail_height":1255,"description":"Ustavni sud u ponedjeljak bi na zatvorenoj sjednici trebao izabrati novog predsjednika ili predsjednicu Ustavnog suda jer aktualnom predsjedniku Miroslavu \u0160eparovi\u0107u istje\u010de mandat. Na Ustavnom sudu doznaje se da sjednica na kojoj bi ustavni suci trebali izabrati novog \u010delnika ili \u0160eparovi\u0107u dati jo\u0161 jedan mandat po\u010dinje u 11 sati. \u010celna osoba Ustavnog suda bira se [&hellip;]"}