{"version":"1.0","provider_name":"  RADIO LJUBU\u0160KI","provider_url":"https:\/\/radioljubuski.ba","title":"Navaljni ka\u017ee da je u zatvoru progla\u0161en teroristom - RADIO LJUBU\u0160KI","type":"rich","width":600,"height":338,"html":"<blockquote class=\"wp-embedded-content\" data-secret=\"E5qboE1uv5\"><a href=\"https:\/\/radioljubuski.ba\/index.php\/2021\/10\/12\/navaljni-kaze-da-je-u-zatvoru-proglasen-teroristom\/\">Navaljni ka\u017ee da je u zatvoru progla\u0161en teroristom<\/a><\/blockquote><iframe sandbox=\"allow-scripts\" security=\"restricted\" src=\"https:\/\/radioljubuski.ba\/index.php\/2021\/10\/12\/navaljni-kaze-da-je-u-zatvoru-proglasen-teroristom\/embed\/#?secret=E5qboE1uv5\" width=\"600\" height=\"338\" title=\"&#8220;Navaljni ka\u017ee da je u zatvoru progla\u0161en teroristom&#8221; &#8212;   RADIO LJUBU\u0160KI\" data-secret=\"E5qboE1uv5\" frameborder=\"0\" marginwidth=\"0\" marginheight=\"0\" scrolling=\"no\" class=\"wp-embedded-content\"><\/iframe><script>\n\/*! This file is auto-generated *\/\n!function(d,l){\"use strict\";l.querySelector&&d.addEventListener&&\"undefined\"!=typeof URL&&(d.wp=d.wp||{},d.wp.receiveEmbedMessage||(d.wp.receiveEmbedMessage=function(e){var t=e.data;if((t||t.secret||t.message||t.value)&&!\/[^a-zA-Z0-9]\/.test(t.secret)){for(var s,r,n,a=l.querySelectorAll('iframe[data-secret=\"'+t.secret+'\"]'),o=l.querySelectorAll('blockquote[data-secret=\"'+t.secret+'\"]'),c=new RegExp(\"^https?:$\",\"i\"),i=0;i<o.length;i++)o[i].style.display=\"none\";for(i=0;i<a.length;i++)s=a[i],e.source===s.contentWindow&&(s.removeAttribute(\"style\"),\"height\"===t.message?(1e3<(r=parseInt(t.value,10))?r=1e3:~~r<200&&(r=200),s.height=r):\"link\"===t.message&&(r=new URL(s.getAttribute(\"src\")),n=new URL(t.value),c.test(n.protocol))&&n.host===r.host&&l.activeElement===s&&(d.top.location.href=t.value))}},d.addEventListener(\"message\",d.wp.receiveEmbedMessage,!1),l.addEventListener(\"DOMContentLoaded\",function(){for(var e,t,s=l.querySelectorAll(\"iframe.wp-embedded-content\"),r=0;r<s.length;r++)(t=(e=s[r]).getAttribute(\"data-secret\"))||(t=Math.random().toString(36).substring(2,12),e.src+=\"#?secret=\"+t,e.setAttribute(\"data-secret\",t)),e.contentWindow.postMessage({message:\"ready\",secret:t},\"*\")},!1)))}(window,document);\n\/\/# sourceURL=https:\/\/radioljubuski.ba\/wp-includes\/js\/wp-embed.min.js\n<\/script>\n","thumbnail_url":"https:\/\/radioljubuski.ba\/wp-content\/uploads\/2021\/10\/KxPpZH2C_navaljni.jpg","thumbnail_width":1000,"thumbnail_height":625,"description":"Kriti\u010dar Kremlja Aleksej Navaljni rekao je u ponedjeljak da ga je zatvorsko povjerenstvo proglasilo ekstremistom i teroristom. Navaljni je objavio na Instagramu da je bio pozvan pred povjerenstvo koje mu je status promijenilo jednoglasno. Pozdravio je, me\u0111utim, \u010dinjenicu \u0161to vi\u0161e ne smatraju da bi mogao pobje\u0107i pa \u0107e ga \u010duvari no\u0107u rje\u0111e obilaziti. &#8220;Jednostavno sada [&hellip;]"}