{"version":"1.0","provider_name":"  RADIO LJUBU\u0160KI","provider_url":"https:\/\/radioljubuski.ba","title":"Preminuo posu\u0161ki sve\u0107enik don Bo\u017eo Poli\u0107 - RADIO LJUBU\u0160KI","type":"rich","width":600,"height":338,"html":"<blockquote class=\"wp-embedded-content\" data-secret=\"Jsx2eKFm9W\"><a href=\"https:\/\/radioljubuski.ba\/index.php\/2021\/11\/03\/preminuo-posuski-svecenik-don-bozo-polic\/\">Preminuo posu\u0161ki sve\u0107enik don Bo\u017eo Poli\u0107<\/a><\/blockquote><iframe sandbox=\"allow-scripts\" security=\"restricted\" src=\"https:\/\/radioljubuski.ba\/index.php\/2021\/11\/03\/preminuo-posuski-svecenik-don-bozo-polic\/embed\/#?secret=Jsx2eKFm9W\" width=\"600\" height=\"338\" title=\"&#8220;Preminuo posu\u0161ki sve\u0107enik don Bo\u017eo Poli\u0107&#8221; &#8212;   RADIO LJUBU\u0160KI\" data-secret=\"Jsx2eKFm9W\" frameborder=\"0\" marginwidth=\"0\" marginheight=\"0\" scrolling=\"no\" class=\"wp-embedded-content\"><\/iframe><script>\n\/*! This file is auto-generated *\/\n!function(d,l){\"use strict\";l.querySelector&&d.addEventListener&&\"undefined\"!=typeof URL&&(d.wp=d.wp||{},d.wp.receiveEmbedMessage||(d.wp.receiveEmbedMessage=function(e){var t=e.data;if((t||t.secret||t.message||t.value)&&!\/[^a-zA-Z0-9]\/.test(t.secret)){for(var s,r,n,a=l.querySelectorAll('iframe[data-secret=\"'+t.secret+'\"]'),o=l.querySelectorAll('blockquote[data-secret=\"'+t.secret+'\"]'),c=new RegExp(\"^https?:$\",\"i\"),i=0;i<o.length;i++)o[i].style.display=\"none\";for(i=0;i<a.length;i++)s=a[i],e.source===s.contentWindow&&(s.removeAttribute(\"style\"),\"height\"===t.message?(1e3<(r=parseInt(t.value,10))?r=1e3:~~r<200&&(r=200),s.height=r):\"link\"===t.message&&(r=new URL(s.getAttribute(\"src\")),n=new URL(t.value),c.test(n.protocol))&&n.host===r.host&&l.activeElement===s&&(d.top.location.href=t.value))}},d.addEventListener(\"message\",d.wp.receiveEmbedMessage,!1),l.addEventListener(\"DOMContentLoaded\",function(){for(var e,t,s=l.querySelectorAll(\"iframe.wp-embedded-content\"),r=0;r<s.length;r++)(t=(e=s[r]).getAttribute(\"data-secret\"))||(t=Math.random().toString(36).substring(2,12),e.src+=\"#?secret=\"+t,e.setAttribute(\"data-secret\",t)),e.contentWindow.postMessage({message:\"ready\",secret:t},\"*\")},!1)))}(window,document);\n\/\/# sourceURL=https:\/\/radioljubuski.ba\/wp-includes\/js\/wp-embed.min.js\n<\/script>\n","thumbnail_url":"https:\/\/radioljubuski.ba\/wp-content\/uploads\/2021\/11\/polic.jpg","thumbnail_width":810,"thumbnail_height":500,"description":"Delegat Hrvatske inozemne pastve za Njema\u010dku don Ivica Komadina objavio je pastoralnim djelatnicima u Njema\u010dkoj da je u petak 29. listopada u Balingenu iznenada preminuo don Bo\u017eo Poli\u0107. Rije\u010d je o voditelju Hrvatskih katoli\u010dkih zajednica&nbsp;Balingen i Albstadt-Ebingen,&nbsp;objavljeno je na Facebook stranici Ravnateljstva du\u0161obri\u017eni\u0161tva za Hrvate u inozemstvu. Sve\u0107enik Mostarsko-duvanjske biskupije don Bo\u017eo Poli\u0107 ro\u0111en je\u00a019. [&hellip;]"}