{"version":"1.0","provider_name":"  RADIO LJUBU\u0160KI","provider_url":"https:\/\/radioljubuski.ba","title":"Navija\u010d zbog rasizma osu\u0111en na deset tjedana - RADIO LJUBU\u0160KI","type":"rich","width":600,"height":338,"html":"<blockquote class=\"wp-embedded-content\" data-secret=\"TWnFYvgW9O\"><a href=\"https:\/\/radioljubuski.ba\/index.php\/2021\/11\/04\/navijac-zbog-rasizma-osuden-na-deset-tjedana\/\">Navija\u010d zbog rasizma osu\u0111en na deset tjedana<\/a><\/blockquote><iframe sandbox=\"allow-scripts\" security=\"restricted\" src=\"https:\/\/radioljubuski.ba\/index.php\/2021\/11\/04\/navijac-zbog-rasizma-osuden-na-deset-tjedana\/embed\/#?secret=TWnFYvgW9O\" width=\"600\" height=\"338\" title=\"&#8220;Navija\u010d zbog rasizma osu\u0111en na deset tjedana&#8221; &#8212;   RADIO LJUBU\u0160KI\" data-secret=\"TWnFYvgW9O\" frameborder=\"0\" marginwidth=\"0\" marginheight=\"0\" scrolling=\"no\" class=\"wp-embedded-content\"><\/iframe><script>\n\/*! This file is auto-generated *\/\n!function(d,l){\"use strict\";l.querySelector&&d.addEventListener&&\"undefined\"!=typeof URL&&(d.wp=d.wp||{},d.wp.receiveEmbedMessage||(d.wp.receiveEmbedMessage=function(e){var t=e.data;if((t||t.secret||t.message||t.value)&&!\/[^a-zA-Z0-9]\/.test(t.secret)){for(var s,r,n,a=l.querySelectorAll('iframe[data-secret=\"'+t.secret+'\"]'),o=l.querySelectorAll('blockquote[data-secret=\"'+t.secret+'\"]'),c=new RegExp(\"^https?:$\",\"i\"),i=0;i<o.length;i++)o[i].style.display=\"none\";for(i=0;i<a.length;i++)s=a[i],e.source===s.contentWindow&&(s.removeAttribute(\"style\"),\"height\"===t.message?(1e3<(r=parseInt(t.value,10))?r=1e3:~~r<200&&(r=200),s.height=r):\"link\"===t.message&&(r=new URL(s.getAttribute(\"src\")),n=new URL(t.value),c.test(n.protocol))&&n.host===r.host&&l.activeElement===s&&(d.top.location.href=t.value))}},d.addEventListener(\"message\",d.wp.receiveEmbedMessage,!1),l.addEventListener(\"DOMContentLoaded\",function(){for(var e,t,s=l.querySelectorAll(\"iframe.wp-embedded-content\"),r=0;r<s.length;r++)(t=(e=s[r]).getAttribute(\"data-secret\"))||(t=Math.random().toString(36).substring(2,12),e.src+=\"#?secret=\"+t,e.setAttribute(\"data-secret\",t)),e.contentWindow.postMessage({message:\"ready\",secret:t},\"*\")},!1)))}(window,document);\n\/\/# sourceURL=https:\/\/radioljubuski.ba\/wp-includes\/js\/wp-embed.min.js\n<\/script>\n","thumbnail_url":"https:\/\/radioljubuski.ba\/wp-content\/uploads\/2021\/11\/k_11744533_640.jpg","thumbnail_width":640,"thumbnail_height":640,"description":"Navija\u010d engleske nogometne reprezentacije koji se u\u017eivo prenosio na Facebooku dok je rasisti\u010dki zlostavljao engleske igra\u010de Marcusa Rashforda, Jadona Sancha i Bukaya Saku nakon finala Eura 2020 osu\u0111en je na deset tjedana zatvora. Jonathon Best (52) je na Facebooku streamao u\u017eivo svoju salvu rasisti\u010dkog zlostavljanja trojice igra\u010da koji su proma\u0161ili jedanaesterce tijekom finala protiv Italije. [&hellip;]"}