{"version":"1.0","provider_name":"  RADIO LJUBU\u0160KI","provider_url":"https:\/\/radioljubuski.ba","title":"Produ\u017eene zapovijedi i preporuka Kriznog sto\u017eera FMZ - RADIO LJUBU\u0160KI","type":"rich","width":600,"height":338,"html":"<blockquote class=\"wp-embedded-content\" data-secret=\"6BjYnZmNen\"><a href=\"https:\/\/radioljubuski.ba\/index.php\/2021\/11\/04\/produzene-zapovijedi-i-preporuka-kriznog-stozera-fmz\/\">Produ\u017eene zapovijedi i preporuka Kriznog sto\u017eera FMZ<\/a><\/blockquote><iframe sandbox=\"allow-scripts\" security=\"restricted\" src=\"https:\/\/radioljubuski.ba\/index.php\/2021\/11\/04\/produzene-zapovijedi-i-preporuka-kriznog-stozera-fmz\/embed\/#?secret=6BjYnZmNen\" width=\"600\" height=\"338\" title=\"&#8220;Produ\u017eene zapovijedi i preporuka Kriznog sto\u017eera FMZ&#8221; &#8212;   RADIO LJUBU\u0160KI\" data-secret=\"6BjYnZmNen\" frameborder=\"0\" marginwidth=\"0\" marginheight=\"0\" scrolling=\"no\" class=\"wp-embedded-content\"><\/iframe><script>\n\/*! This file is auto-generated *\/\n!function(d,l){\"use strict\";l.querySelector&&d.addEventListener&&\"undefined\"!=typeof URL&&(d.wp=d.wp||{},d.wp.receiveEmbedMessage||(d.wp.receiveEmbedMessage=function(e){var t=e.data;if((t||t.secret||t.message||t.value)&&!\/[^a-zA-Z0-9]\/.test(t.secret)){for(var s,r,n,a=l.querySelectorAll('iframe[data-secret=\"'+t.secret+'\"]'),o=l.querySelectorAll('blockquote[data-secret=\"'+t.secret+'\"]'),c=new RegExp(\"^https?:$\",\"i\"),i=0;i<o.length;i++)o[i].style.display=\"none\";for(i=0;i<a.length;i++)s=a[i],e.source===s.contentWindow&&(s.removeAttribute(\"style\"),\"height\"===t.message?(1e3<(r=parseInt(t.value,10))?r=1e3:~~r<200&&(r=200),s.height=r):\"link\"===t.message&&(r=new URL(s.getAttribute(\"src\")),n=new URL(t.value),c.test(n.protocol))&&n.host===r.host&&l.activeElement===s&&(d.top.location.href=t.value))}},d.addEventListener(\"message\",d.wp.receiveEmbedMessage,!1),l.addEventListener(\"DOMContentLoaded\",function(){for(var e,t,s=l.querySelectorAll(\"iframe.wp-embedded-content\"),r=0;r<s.length;r++)(t=(e=s[r]).getAttribute(\"data-secret\"))||(t=Math.random().toString(36).substring(2,12),e.src+=\"#?secret=\"+t,e.setAttribute(\"data-secret\",t)),e.contentWindow.postMessage({message:\"ready\",secret:t},\"*\")},!1)))}(window,document);\n\/\/# sourceURL=https:\/\/radioljubuski.ba\/wp-includes\/js\/wp-embed.min.js\n<\/script>\n","thumbnail_url":"https:\/\/radioljubuski.ba\/wp-content\/uploads\/2021\/08\/2-2021-07-27-14-29-27-vladafbih16.jpg","thumbnail_width":1000,"thumbnail_height":625,"description":"Vlada Federacije BiH danas je na sjednici usvojila informaciju Kriznog sto\u017eera Federalnog ministarstva zdravstva o epidemiolo\u0161koj situaciji COVID-19 u FBiH na dan 1.11.2021. godine, s prijedlogom zapovijedi i preporuka. Vladama \u017eupanija, odnosno \u017eupanijskim sto\u017eerima ministarstava zdravstva nare\u0111eno je uvo\u0111enje restriktivnijih mjera na osnovu procjene epidemiolo\u0161ke situacije u \u017eupaniji, odnosno op\u0107ini, uz redovno obavje\u0161tavanje Kriznog sto\u017eera [&hellip;]"}