{"version":"1.0","provider_name":"  RADIO LJUBU\u0160KI","provider_url":"https:\/\/radioljubuski.ba","title":"Draxler ponovno u njema\u010dkoj reprezentaciji - RADIO LJUBU\u0160KI","type":"rich","width":600,"height":338,"html":"<blockquote class=\"wp-embedded-content\" data-secret=\"NIbfwHWTqU\"><a href=\"https:\/\/radioljubuski.ba\/index.php\/2021\/11\/05\/draxler-ponovno-u-njemackoj-reprezentaciji\/\">Draxler ponovno u njema\u010dkoj reprezentaciji<\/a><\/blockquote><iframe sandbox=\"allow-scripts\" security=\"restricted\" src=\"https:\/\/radioljubuski.ba\/index.php\/2021\/11\/05\/draxler-ponovno-u-njemackoj-reprezentaciji\/embed\/#?secret=NIbfwHWTqU\" width=\"600\" height=\"338\" title=\"&#8220;Draxler ponovno u njema\u010dkoj reprezentaciji&#8221; &#8212;   RADIO LJUBU\u0160KI\" data-secret=\"NIbfwHWTqU\" frameborder=\"0\" marginwidth=\"0\" marginheight=\"0\" scrolling=\"no\" class=\"wp-embedded-content\"><\/iframe><script>\n\/*! This file is auto-generated *\/\n!function(d,l){\"use strict\";l.querySelector&&d.addEventListener&&\"undefined\"!=typeof URL&&(d.wp=d.wp||{},d.wp.receiveEmbedMessage||(d.wp.receiveEmbedMessage=function(e){var t=e.data;if((t||t.secret||t.message||t.value)&&!\/[^a-zA-Z0-9]\/.test(t.secret)){for(var s,r,n,a=l.querySelectorAll('iframe[data-secret=\"'+t.secret+'\"]'),o=l.querySelectorAll('blockquote[data-secret=\"'+t.secret+'\"]'),c=new RegExp(\"^https?:$\",\"i\"),i=0;i<o.length;i++)o[i].style.display=\"none\";for(i=0;i<a.length;i++)s=a[i],e.source===s.contentWindow&&(s.removeAttribute(\"style\"),\"height\"===t.message?(1e3<(r=parseInt(t.value,10))?r=1e3:~~r<200&&(r=200),s.height=r):\"link\"===t.message&&(r=new URL(s.getAttribute(\"src\")),n=new URL(t.value),c.test(n.protocol))&&n.host===r.host&&l.activeElement===s&&(d.top.location.href=t.value))}},d.addEventListener(\"message\",d.wp.receiveEmbedMessage,!1),l.addEventListener(\"DOMContentLoaded\",function(){for(var e,t,s=l.querySelectorAll(\"iframe.wp-embedded-content\"),r=0;r<s.length;r++)(t=(e=s[r]).getAttribute(\"data-secret\"))||(t=Math.random().toString(36).substring(2,12),e.src+=\"#?secret=\"+t,e.setAttribute(\"data-secret\",t)),e.contentWindow.postMessage({message:\"ready\",secret:t},\"*\")},!1)))}(window,document);\n\/\/# sourceURL=https:\/\/radioljubuski.ba\/wp-includes\/js\/wp-embed.min.js\n<\/script>\n","thumbnail_url":"https:\/\/radioljubuski.ba\/wp-content\/uploads\/2021\/11\/preuzmi-1-5.jpg","thumbnail_width":274,"thumbnail_height":184,"description":"Nogometa\u0161a Paris Saint-Germaina&nbsp;Juliana Draxlera&nbsp;(28), koji je godinu dana bio odsutan iz njema\u010dke selekcije, izbornik&nbsp;Hansi Flick&nbsp;pozvao je u petak kako bi odigrao dvije posljednje kvalifikacijske utakmice za Svjetsko prvenstvo 2022. godine. Njema\u010dka se ve\u0107 kvalificirala na Svjetsko prvenstvo 2022. Elf \u0107e pretposljednji dvoboj u kvalifikacijama odigrati 11. studenoga protiv Lihten\u0161tajna, a tri dana kasnije putuje u [&hellip;]"}