{"version":"1.0","provider_name":"  RADIO LJUBU\u0160KI","provider_url":"https:\/\/radioljubuski.ba","title":"Dodik se na radnoj ve\u010deri sastao s Jan\u0161om - RADIO LJUBU\u0160KI","type":"rich","width":600,"height":338,"html":"<blockquote class=\"wp-embedded-content\" data-secret=\"hQIoaJjPNs\"><a href=\"https:\/\/radioljubuski.ba\/index.php\/2021\/11\/07\/dodik-se-na-radnoj-veceri-sastao-s-jansom\/\">Dodik se na radnoj ve\u010deri sastao s Jan\u0161om<\/a><\/blockquote><iframe sandbox=\"allow-scripts\" security=\"restricted\" src=\"https:\/\/radioljubuski.ba\/index.php\/2021\/11\/07\/dodik-se-na-radnoj-veceri-sastao-s-jansom\/embed\/#?secret=hQIoaJjPNs\" width=\"600\" height=\"338\" title=\"&#8220;Dodik se na radnoj ve\u010deri sastao s Jan\u0161om&#8221; &#8212;   RADIO LJUBU\u0160KI\" data-secret=\"hQIoaJjPNs\" frameborder=\"0\" marginwidth=\"0\" marginheight=\"0\" scrolling=\"no\" class=\"wp-embedded-content\"><\/iframe><script>\n\/*! This file is auto-generated *\/\n!function(d,l){\"use strict\";l.querySelector&&d.addEventListener&&\"undefined\"!=typeof URL&&(d.wp=d.wp||{},d.wp.receiveEmbedMessage||(d.wp.receiveEmbedMessage=function(e){var t=e.data;if((t||t.secret||t.message||t.value)&&!\/[^a-zA-Z0-9]\/.test(t.secret)){for(var s,r,n,a=l.querySelectorAll('iframe[data-secret=\"'+t.secret+'\"]'),o=l.querySelectorAll('blockquote[data-secret=\"'+t.secret+'\"]'),c=new RegExp(\"^https?:$\",\"i\"),i=0;i<o.length;i++)o[i].style.display=\"none\";for(i=0;i<a.length;i++)s=a[i],e.source===s.contentWindow&&(s.removeAttribute(\"style\"),\"height\"===t.message?(1e3<(r=parseInt(t.value,10))?r=1e3:~~r<200&&(r=200),s.height=r):\"link\"===t.message&&(r=new URL(s.getAttribute(\"src\")),n=new URL(t.value),c.test(n.protocol))&&n.host===r.host&&l.activeElement===s&&(d.top.location.href=t.value))}},d.addEventListener(\"message\",d.wp.receiveEmbedMessage,!1),l.addEventListener(\"DOMContentLoaded\",function(){for(var e,t,s=l.querySelectorAll(\"iframe.wp-embedded-content\"),r=0;r<s.length;r++)(t=(e=s[r]).getAttribute(\"data-secret\"))||(t=Math.random().toString(36).substring(2,12),e.src+=\"#?secret=\"+t,e.setAttribute(\"data-secret\",t)),e.contentWindow.postMessage({message:\"ready\",secret:t},\"*\")},!1)))}(window,document);\n\/\/# sourceURL=https:\/\/radioljubuski.ba\/wp-includes\/js\/wp-embed.min.js\n<\/script>\n","thumbnail_url":"https:\/\/radioljubuski.ba\/wp-content\/uploads\/2021\/11\/191288.jpg","thumbnail_width":658,"thumbnail_height":494,"description":"U Ljubljani je odr\u017eana radna ve\u010dera srpskog \u010dlana Predsjedni\u0161tva BiH Milorada Dodika i premijera Slovenije Janeza Jan\u0161e, re\u010deno je Srni u Kabinetu srpskog \u010dlana Predsjedni\u0161tva BiH. Dodik i Jan\u0161a razgovaraju o aktualnoj politi\u010dkoj situaciji u BiH i regiji. Srpski \u010dlan Predsjedni\u0161tva upoznao je slovenskog premijera o opredijeljenosti Republike Srpske za o\u010duvanje Daytonskog sporazuma i vra\u0107anja [&hellip;]"}