{"version":"1.0","provider_name":"  RADIO LJUBU\u0160KI","provider_url":"https:\/\/radioljubuski.ba","title":"Slobodna Dalmacija o maslinarskom \u010dudu u Ljubu\u0161kom - RADIO LJUBU\u0160KI","type":"rich","width":600,"height":338,"html":"<blockquote class=\"wp-embedded-content\" data-secret=\"WoW5i3Wpk8\"><a href=\"https:\/\/radioljubuski.ba\/index.php\/2021\/11\/07\/slobodna-dalmacija-o-maslinarskom-cudu-u-ljubuskom\/\">Slobodna Dalmacija o maslinarskom \u010dudu u Ljubu\u0161kom<\/a><\/blockquote><iframe sandbox=\"allow-scripts\" security=\"restricted\" src=\"https:\/\/radioljubuski.ba\/index.php\/2021\/11\/07\/slobodna-dalmacija-o-maslinarskom-cudu-u-ljubuskom\/embed\/#?secret=WoW5i3Wpk8\" width=\"600\" height=\"338\" title=\"&#8220;Slobodna Dalmacija o maslinarskom \u010dudu u Ljubu\u0161kom&#8221; &#8212;   RADIO LJUBU\u0160KI\" data-secret=\"WoW5i3Wpk8\" frameborder=\"0\" marginwidth=\"0\" marginheight=\"0\" scrolling=\"no\" class=\"wp-embedded-content\"><\/iframe><script>\n\/*! This file is auto-generated *\/\n!function(d,l){\"use strict\";l.querySelector&&d.addEventListener&&\"undefined\"!=typeof URL&&(d.wp=d.wp||{},d.wp.receiveEmbedMessage||(d.wp.receiveEmbedMessage=function(e){var t=e.data;if((t||t.secret||t.message||t.value)&&!\/[^a-zA-Z0-9]\/.test(t.secret)){for(var s,r,n,a=l.querySelectorAll('iframe[data-secret=\"'+t.secret+'\"]'),o=l.querySelectorAll('blockquote[data-secret=\"'+t.secret+'\"]'),c=new RegExp(\"^https?:$\",\"i\"),i=0;i<o.length;i++)o[i].style.display=\"none\";for(i=0;i<a.length;i++)s=a[i],e.source===s.contentWindow&&(s.removeAttribute(\"style\"),\"height\"===t.message?(1e3<(r=parseInt(t.value,10))?r=1e3:~~r<200&&(r=200),s.height=r):\"link\"===t.message&&(r=new URL(s.getAttribute(\"src\")),n=new URL(t.value),c.test(n.protocol))&&n.host===r.host&&l.activeElement===s&&(d.top.location.href=t.value))}},d.addEventListener(\"message\",d.wp.receiveEmbedMessage,!1),l.addEventListener(\"DOMContentLoaded\",function(){for(var e,t,s=l.querySelectorAll(\"iframe.wp-embedded-content\"),r=0;r<s.length;r++)(t=(e=s[r]).getAttribute(\"data-secret\"))||(t=Math.random().toString(36).substring(2,12),e.src+=\"#?secret=\"+t,e.setAttribute(\"data-secret\",t)),e.contentWindow.postMessage({message:\"ready\",secret:t},\"*\")},!1)))}(window,document);\n\/\/# sourceURL=https:\/\/radioljubuski.ba\/wp-includes\/js\/wp-embed.min.js\n<\/script>\n","thumbnail_url":"https:\/\/radioljubuski.ba\/wp-content\/uploads\/2021\/11\/cudo-u-ljubuskom-ne-viruju-dalmatinci-kada-dodu-gledat-posjetili-smo-m-2611909.jpeg","thumbnail_width":672,"thumbnail_height":450,"description":"Lani je bija svjetski rekord: 170 tona smo ubrali, grane se bile obisile do poda, a kvaliteta izvanredna. Ove godine ne\u0107e bit ni blizu, u vri glave tre\u0107ina lanjskoga uroda. Ne mere\u0161 ni\u0161ta, ne ra\u0111a svake godine isto&#8230; Takvog maslinika ne bi se postidjeli od \u0160panjolske do Sicilije i Gr\u010dke, od Turske do Maroka. Sve [&hellip;]"}