{"version":"1.0","provider_name":"  RADIO LJUBU\u0160KI","provider_url":"https:\/\/radioljubuski.ba","title":"Njema\u010dkoj nedostaje sve vi\u0161e radnika u sektoru njege - RADIO LJUBU\u0160KI","type":"rich","width":600,"height":338,"html":"<blockquote class=\"wp-embedded-content\" data-secret=\"LWFW1wWKmN\"><a href=\"https:\/\/radioljubuski.ba\/index.php\/2021\/12\/01\/njemackoj-nedostaje-sve-vise-radnika-u-sektoru-njege\/\">Njema\u010dkoj nedostaje sve vi\u0161e radnika u sektoru njege<\/a><\/blockquote><iframe sandbox=\"allow-scripts\" security=\"restricted\" src=\"https:\/\/radioljubuski.ba\/index.php\/2021\/12\/01\/njemackoj-nedostaje-sve-vise-radnika-u-sektoru-njege\/embed\/#?secret=LWFW1wWKmN\" width=\"600\" height=\"338\" title=\"&#8220;Njema\u010dkoj nedostaje sve vi\u0161e radnika u sektoru njege&#8221; &#8212;   RADIO LJUBU\u0160KI\" data-secret=\"LWFW1wWKmN\" frameborder=\"0\" marginwidth=\"0\" marginheight=\"0\" scrolling=\"no\" class=\"wp-embedded-content\"><\/iframe><script>\n\/*! This file is auto-generated *\/\n!function(d,l){\"use strict\";l.querySelector&&d.addEventListener&&\"undefined\"!=typeof URL&&(d.wp=d.wp||{},d.wp.receiveEmbedMessage||(d.wp.receiveEmbedMessage=function(e){var t=e.data;if((t||t.secret||t.message||t.value)&&!\/[^a-zA-Z0-9]\/.test(t.secret)){for(var s,r,n,a=l.querySelectorAll('iframe[data-secret=\"'+t.secret+'\"]'),o=l.querySelectorAll('blockquote[data-secret=\"'+t.secret+'\"]'),c=new RegExp(\"^https?:$\",\"i\"),i=0;i<o.length;i++)o[i].style.display=\"none\";for(i=0;i<a.length;i++)s=a[i],e.source===s.contentWindow&&(s.removeAttribute(\"style\"),\"height\"===t.message?(1e3<(r=parseInt(t.value,10))?r=1e3:~~r<200&&(r=200),s.height=r):\"link\"===t.message&&(r=new URL(s.getAttribute(\"src\")),n=new URL(t.value),c.test(n.protocol))&&n.host===r.host&&l.activeElement===s&&(d.top.location.href=t.value))}},d.addEventListener(\"message\",d.wp.receiveEmbedMessage,!1),l.addEventListener(\"DOMContentLoaded\",function(){for(var e,t,s=l.querySelectorAll(\"iframe.wp-embedded-content\"),r=0;r<s.length;r++)(t=(e=s[r]).getAttribute(\"data-secret\"))||(t=Math.random().toString(36).substring(2,12),e.src+=\"#?secret=\"+t,e.setAttribute(\"data-secret\",t)),e.contentWindow.postMessage({message:\"ready\",secret:t},\"*\")},!1)))}(window,document);\n\/\/# sourceURL=https:\/\/radioljubuski.ba\/wp-includes\/js\/wp-embed.min.js\n<\/script>\n","thumbnail_url":"https:\/\/radioljubuski.ba\/wp-content\/uploads\/2021\/12\/medicinska.jpg","thumbnail_width":1000,"thumbnail_height":625,"description":"Njema\u010dkoj \u0107e do 2030. nedostajati najmanje 180.000 zaposlenih u sektoru medicinske njege, a broj gra\u0111ana ovisnih o tu\u0111oj njezi \u0107e porasti na preko \u0161est milijuna, milijun vi\u0161e od o\u010dekivanog, proizlazi iz studije koju je provelo zdravstveno osiguranje Barmer, koja je predstavljena u srijedu u Berlinu. \u201eAko u obzir uzmemo rastu\u0107i broj osoba kojima je potrebna [&hellip;]"}