{"version":"1.0","provider_name":"  RADIO LJUBU\u0160KI","provider_url":"https:\/\/radioljubuski.ba","title":"Herceg: Ustrajavamo u financijskoj potpori mladima - RADIO LJUBU\u0160KI","type":"rich","width":600,"height":338,"html":"<blockquote class=\"wp-embedded-content\" data-secret=\"EapoJZ00ef\"><a href=\"https:\/\/radioljubuski.ba\/index.php\/2021\/12\/03\/herceg-ustrajavamo-u-financijskoj-potpori-mladima\/\">Herceg: Ustrajavamo u financijskoj potpori mladima<\/a><\/blockquote><iframe sandbox=\"allow-scripts\" security=\"restricted\" src=\"https:\/\/radioljubuski.ba\/index.php\/2021\/12\/03\/herceg-ustrajavamo-u-financijskoj-potpori-mladima\/embed\/#?secret=EapoJZ00ef\" width=\"600\" height=\"338\" title=\"&#8220;Herceg: Ustrajavamo u financijskoj potpori mladima&#8221; &#8212;   RADIO LJUBU\u0160KI\" data-secret=\"EapoJZ00ef\" frameborder=\"0\" marginwidth=\"0\" marginheight=\"0\" scrolling=\"no\" class=\"wp-embedded-content\"><\/iframe><script>\n\/*! This file is auto-generated *\/\n!function(d,l){\"use strict\";l.querySelector&&d.addEventListener&&\"undefined\"!=typeof URL&&(d.wp=d.wp||{},d.wp.receiveEmbedMessage||(d.wp.receiveEmbedMessage=function(e){var t=e.data;if((t||t.secret||t.message||t.value)&&!\/[^a-zA-Z0-9]\/.test(t.secret)){for(var s,r,n,a=l.querySelectorAll('iframe[data-secret=\"'+t.secret+'\"]'),o=l.querySelectorAll('blockquote[data-secret=\"'+t.secret+'\"]'),c=new RegExp(\"^https?:$\",\"i\"),i=0;i<o.length;i++)o[i].style.display=\"none\";for(i=0;i<a.length;i++)s=a[i],e.source===s.contentWindow&&(s.removeAttribute(\"style\"),\"height\"===t.message?(1e3<(r=parseInt(t.value,10))?r=1e3:~~r<200&&(r=200),s.height=r):\"link\"===t.message&&(r=new URL(s.getAttribute(\"src\")),n=new URL(t.value),c.test(n.protocol))&&n.host===r.host&&l.activeElement===s&&(d.top.location.href=t.value))}},d.addEventListener(\"message\",d.wp.receiveEmbedMessage,!1),l.addEventListener(\"DOMContentLoaded\",function(){for(var e,t,s=l.querySelectorAll(\"iframe.wp-embedded-content\"),r=0;r<s.length;r++)(t=(e=s[r]).getAttribute(\"data-secret\"))||(t=Math.random().toString(36).substring(2,12),e.src+=\"#?secret=\"+t,e.setAttribute(\"data-secret\",t)),e.contentWindow.postMessage({message:\"ready\",secret:t},\"*\")},!1)))}(window,document);\n\/\/# sourceURL=https:\/\/radioljubuski.ba\/wp-includes\/js\/wp-embed.min.js\n<\/script>\n","thumbnail_url":"https:\/\/radioljubuski.ba\/wp-content\/uploads\/2021\/12\/Nevenko_herceg.jpg","thumbnail_width":750,"thumbnail_height":450,"description":"Predsjednik Vlade Hercegova\u010dko-neretvanske \u017eupanije (HN\u017d) dr. Nevenko Herceg, govore\u0107i o Javnom pozivu za pomo\u0107 mladim znanstvenicima i istra\u017eiva\u010dima s podru\u010dja te \u017eupanije, izrazio je zadovoljstvo \u0161to \u017eupanijska Vlada na ovaj na\u010din ula\u017ee u bolju budu\u0107nost. \u2013 Ponosan sam \u0161to je realizirana inicijativa te je Vlada Hercegova\u010dko-neretvanske \u017eupanije, prvi put, osigurala 500.000 maraka prora\u010dunskih sredstava za [&hellip;]"}