{"version":"1.0","provider_name":"  RADIO LJUBU\u0160KI","provider_url":"https:\/\/radioljubuski.ba","title":"Kopi\u0107 ostaje trener Dinama do kraja sezone - RADIO LJUBU\u0160KI","type":"rich","width":600,"height":338,"html":"<blockquote class=\"wp-embedded-content\" data-secret=\"T7gSBZXh4j\"><a href=\"https:\/\/radioljubuski.ba\/index.php\/2021\/12\/22\/kopic-ostaje-trener-dinama-do-kraja-sezone\/\">Kopi\u0107 ostaje trener Dinama do kraja sezone<\/a><\/blockquote><iframe sandbox=\"allow-scripts\" security=\"restricted\" src=\"https:\/\/radioljubuski.ba\/index.php\/2021\/12\/22\/kopic-ostaje-trener-dinama-do-kraja-sezone\/embed\/#?secret=T7gSBZXh4j\" width=\"600\" height=\"338\" title=\"&#8220;Kopi\u0107 ostaje trener Dinama do kraja sezone&#8221; &#8212;   RADIO LJUBU\u0160KI\" data-secret=\"T7gSBZXh4j\" frameborder=\"0\" marginwidth=\"0\" marginheight=\"0\" scrolling=\"no\" class=\"wp-embedded-content\"><\/iframe><script>\n\/*! This file is auto-generated *\/\n!function(d,l){\"use strict\";l.querySelector&&d.addEventListener&&\"undefined\"!=typeof URL&&(d.wp=d.wp||{},d.wp.receiveEmbedMessage||(d.wp.receiveEmbedMessage=function(e){var t=e.data;if((t||t.secret||t.message||t.value)&&!\/[^a-zA-Z0-9]\/.test(t.secret)){for(var s,r,n,a=l.querySelectorAll('iframe[data-secret=\"'+t.secret+'\"]'),o=l.querySelectorAll('blockquote[data-secret=\"'+t.secret+'\"]'),c=new RegExp(\"^https?:$\",\"i\"),i=0;i<o.length;i++)o[i].style.display=\"none\";for(i=0;i<a.length;i++)s=a[i],e.source===s.contentWindow&&(s.removeAttribute(\"style\"),\"height\"===t.message?(1e3<(r=parseInt(t.value,10))?r=1e3:~~r<200&&(r=200),s.height=r):\"link\"===t.message&&(r=new URL(s.getAttribute(\"src\")),n=new URL(t.value),c.test(n.protocol))&&n.host===r.host&&l.activeElement===s&&(d.top.location.href=t.value))}},d.addEventListener(\"message\",d.wp.receiveEmbedMessage,!1),l.addEventListener(\"DOMContentLoaded\",function(){for(var e,t,s=l.querySelectorAll(\"iframe.wp-embedded-content\"),r=0;r<s.length;r++)(t=(e=s[r]).getAttribute(\"data-secret\"))||(t=Math.random().toString(36).substring(2,12),e.src+=\"#?secret=\"+t,e.setAttribute(\"data-secret\",t)),e.contentWindow.postMessage({message:\"ready\",secret:t},\"*\")},!1)))}(window,document);\n\/\/# sourceURL=https:\/\/radioljubuski.ba\/wp-includes\/js\/wp-embed.min.js\n<\/script>\n","thumbnail_url":"https:\/\/radioljubuski.ba\/wp-content\/uploads\/2021\/12\/3-2021-12-02-11-12-56-kopic.jpg","thumbnail_width":1000,"thumbnail_height":625,"description":"Na Maksimiru je odlu\u010deno tko \u0107e biti trener Dinama do kraja sezone. Na trenerskoj klupi do kraja sezone ostat \u0107e \u017deljko Kopi\u0107 koji je preuzeo ovu ulogu nakon odlaska Damira Krznara. \u201cUprava GNK Dinamo donijela je odluku da je novi glavni trener prve mom\u010dadi gospodin \u017deljko Kopi\u0107. Istovremeno s ovim imenovanjem odlu\u010deno je da \u0107e [&hellip;]"}