{"version":"1.0","provider_name":"  RADIO LJUBU\u0160KI","provider_url":"https:\/\/radioljubuski.ba","title":"Do\u010dek Lane Pudar ve\u010deras u Mostaru - RADIO LJUBU\u0160KI","type":"rich","width":600,"height":338,"html":"<blockquote class=\"wp-embedded-content\" data-secret=\"go7GcwQFyn\"><a href=\"https:\/\/radioljubuski.ba\/index.php\/2021\/12\/23\/docek-lane-pudar-veceras-u-mostaru\/\">Do\u010dek Lane Pudar ve\u010deras u Mostaru<\/a><\/blockquote><iframe sandbox=\"allow-scripts\" security=\"restricted\" src=\"https:\/\/radioljubuski.ba\/index.php\/2021\/12\/23\/docek-lane-pudar-veceras-u-mostaru\/embed\/#?secret=go7GcwQFyn\" width=\"600\" height=\"338\" title=\"&#8220;Do\u010dek Lane Pudar ve\u010deras u Mostaru&#8221; &#8212;   RADIO LJUBU\u0160KI\" data-secret=\"go7GcwQFyn\" frameborder=\"0\" marginwidth=\"0\" marginheight=\"0\" scrolling=\"no\" class=\"wp-embedded-content\"><\/iframe><script>\n\/*! This file is auto-generated *\/\n!function(d,l){\"use strict\";l.querySelector&&d.addEventListener&&\"undefined\"!=typeof URL&&(d.wp=d.wp||{},d.wp.receiveEmbedMessage||(d.wp.receiveEmbedMessage=function(e){var t=e.data;if((t||t.secret||t.message||t.value)&&!\/[^a-zA-Z0-9]\/.test(t.secret)){for(var s,r,n,a=l.querySelectorAll('iframe[data-secret=\"'+t.secret+'\"]'),o=l.querySelectorAll('blockquote[data-secret=\"'+t.secret+'\"]'),c=new RegExp(\"^https?:$\",\"i\"),i=0;i<o.length;i++)o[i].style.display=\"none\";for(i=0;i<a.length;i++)s=a[i],e.source===s.contentWindow&&(s.removeAttribute(\"style\"),\"height\"===t.message?(1e3<(r=parseInt(t.value,10))?r=1e3:~~r<200&&(r=200),s.height=r):\"link\"===t.message&&(r=new URL(s.getAttribute(\"src\")),n=new URL(t.value),c.test(n.protocol))&&n.host===r.host&&l.activeElement===s&&(d.top.location.href=t.value))}},d.addEventListener(\"message\",d.wp.receiveEmbedMessage,!1),l.addEventListener(\"DOMContentLoaded\",function(){for(var e,t,s=l.querySelectorAll(\"iframe.wp-embedded-content\"),r=0;r<s.length;r++)(t=(e=s[r]).getAttribute(\"data-secret\"))||(t=Math.random().toString(36).substring(2,12),e.src+=\"#?secret=\"+t,e.setAttribute(\"data-secret\",t)),e.contentWindow.postMessage({message:\"ready\",secret:t},\"*\")},!1)))}(window,document);\n\/\/# sourceURL=https:\/\/radioljubuski.ba\/wp-includes\/js\/wp-embed.min.js\n<\/script>\n","thumbnail_url":"https:\/\/radioljubuski.ba\/wp-content\/uploads\/2021\/12\/8-2021-12-18-13-54-49-LANA-PUDAR.jpg","thumbnail_width":1000,"thumbnail_height":625,"description":"Sportski savez Grada Mostara ve\u010deras u Mostaru organizira do\u010dek mlade pliva\u010dice Lane Pudar sa Svjetskog prvenstva u Abu Dhabiju. Do\u010dek \u0107e biti odr\u017ean odr\u017eati u razdoblju od 21:30 do 22 sata na glavnoj pozornici u sklopu Adventa Mostar, a u organizaciji Grada Mostara i Sportskog saveza Grada Mostara. &#8220;Pozivamo vas da u \u0161to ve\u0107em broju [&hellip;]"}