{"version":"1.0","provider_name":"  RADIO LJUBU\u0160KI","provider_url":"https:\/\/radioljubuski.ba","title":"Emotivni opro\u0161taj od legendarnog Gorana Sobina - RADIO LJUBU\u0160KI","type":"rich","width":600,"height":338,"html":"<blockquote class=\"wp-embedded-content\" data-secret=\"oFKJcUNOiD\"><a href=\"https:\/\/radioljubuski.ba\/index.php\/2021\/12\/23\/emotivni-oprostaj-od-legendarnog-gorana-sobina\/\">Emotivni opro\u0161taj od legendarnog Gorana Sobina<\/a><\/blockquote><iframe sandbox=\"allow-scripts\" security=\"restricted\" src=\"https:\/\/radioljubuski.ba\/index.php\/2021\/12\/23\/emotivni-oprostaj-od-legendarnog-gorana-sobina\/embed\/#?secret=oFKJcUNOiD\" width=\"600\" height=\"338\" title=\"&#8220;Emotivni opro\u0161taj od legendarnog Gorana Sobina&#8221; &#8212;   RADIO LJUBU\u0160KI\" data-secret=\"oFKJcUNOiD\" frameborder=\"0\" marginwidth=\"0\" marginheight=\"0\" scrolling=\"no\" class=\"wp-embedded-content\"><\/iframe><script>\n\/*! This file is auto-generated *\/\n!function(d,l){\"use strict\";l.querySelector&&d.addEventListener&&\"undefined\"!=typeof URL&&(d.wp=d.wp||{},d.wp.receiveEmbedMessage||(d.wp.receiveEmbedMessage=function(e){var t=e.data;if((t||t.secret||t.message||t.value)&&!\/[^a-zA-Z0-9]\/.test(t.secret)){for(var s,r,n,a=l.querySelectorAll('iframe[data-secret=\"'+t.secret+'\"]'),o=l.querySelectorAll('blockquote[data-secret=\"'+t.secret+'\"]'),c=new RegExp(\"^https?:$\",\"i\"),i=0;i<o.length;i++)o[i].style.display=\"none\";for(i=0;i<a.length;i++)s=a[i],e.source===s.contentWindow&&(s.removeAttribute(\"style\"),\"height\"===t.message?(1e3<(r=parseInt(t.value,10))?r=1e3:~~r<200&&(r=200),s.height=r):\"link\"===t.message&&(r=new URL(s.getAttribute(\"src\")),n=new URL(t.value),c.test(n.protocol))&&n.host===r.host&&l.activeElement===s&&(d.top.location.href=t.value))}},d.addEventListener(\"message\",d.wp.receiveEmbedMessage,!1),l.addEventListener(\"DOMContentLoaded\",function(){for(var e,t,s=l.querySelectorAll(\"iframe.wp-embedded-content\"),r=0;r<s.length;r++)(t=(e=s[r]).getAttribute(\"data-secret\"))||(t=Math.random().toString(36).substring(2,12),e.src+=\"#?secret=\"+t,e.setAttribute(\"data-secret\",t)),e.contentWindow.postMessage({message:\"ready\",secret:t},\"*\")},!1)))}(window,document);\n\/\/# sourceURL=https:\/\/radioljubuski.ba\/wp-includes\/js\/wp-embed.min.js\n<\/script>\n","thumbnail_url":"https:\/\/radioljubuski.ba\/wp-content\/uploads\/2021\/12\/23138795.jpg","thumbnail_width":1920,"thumbnail_height":1280,"description":"Posljednji pozdrav&nbsp;Goranu Sobinu&nbsp;s njegovih Gripa. U ovoj je dvorani proveo najljep\u0161e dane s Jugoplastikom, najboljom sportskom mom\u010dadi Europe 20-og stolje\u0107a. Ko\u0161arka\u0161a veli\u010dina, vrstan centar i jednostavan, skroman \u010dovjek koji je posljednje godine \u017eivota provodio daleko od javnosti. https:\/\/api.hrt.hr\/media\/da\/5f\/sobin-komemoracija-1-61c37db179904f260264baa6-dec-22-2021-19-38-45-20211222211655.mp4 Njemu su svjetla pozornice smetala. On je volio nekakav svoj mir. Uvijek je \u017eivio tako skromno, uvijek [&hellip;]"}