{"version":"1.0","provider_name":"  RADIO LJUBU\u0160KI","provider_url":"https:\/\/radioljubuski.ba","title":"VSTV Republike Srpske osniva se 1. velja\u010de - RADIO LJUBU\u0160KI","type":"rich","width":600,"height":338,"html":"<blockquote class=\"wp-embedded-content\" data-secret=\"360MnC7Uqg\"><a href=\"https:\/\/radioljubuski.ba\/index.php\/2022\/01\/20\/vstv-republike-srpske-osniva-se-1-veljace\/\">VSTV Republike Srpske osniva se 1. velja\u010de<\/a><\/blockquote><iframe sandbox=\"allow-scripts\" security=\"restricted\" src=\"https:\/\/radioljubuski.ba\/index.php\/2022\/01\/20\/vstv-republike-srpske-osniva-se-1-veljace\/embed\/#?secret=360MnC7Uqg\" width=\"600\" height=\"338\" title=\"&#8220;VSTV Republike Srpske osniva se 1. velja\u010de&#8221; &#8212;   RADIO LJUBU\u0160KI\" data-secret=\"360MnC7Uqg\" frameborder=\"0\" marginwidth=\"0\" marginheight=\"0\" scrolling=\"no\" class=\"wp-embedded-content\"><\/iframe><script>\n\/*! This file is auto-generated *\/\n!function(d,l){\"use strict\";l.querySelector&&d.addEventListener&&\"undefined\"!=typeof URL&&(d.wp=d.wp||{},d.wp.receiveEmbedMessage||(d.wp.receiveEmbedMessage=function(e){var t=e.data;if((t||t.secret||t.message||t.value)&&!\/[^a-zA-Z0-9]\/.test(t.secret)){for(var s,r,n,a=l.querySelectorAll('iframe[data-secret=\"'+t.secret+'\"]'),o=l.querySelectorAll('blockquote[data-secret=\"'+t.secret+'\"]'),c=new RegExp(\"^https?:$\",\"i\"),i=0;i<o.length;i++)o[i].style.display=\"none\";for(i=0;i<a.length;i++)s=a[i],e.source===s.contentWindow&&(s.removeAttribute(\"style\"),\"height\"===t.message?(1e3<(r=parseInt(t.value,10))?r=1e3:~~r<200&&(r=200),s.height=r):\"link\"===t.message&&(r=new URL(s.getAttribute(\"src\")),n=new URL(t.value),c.test(n.protocol))&&n.host===r.host&&l.activeElement===s&&(d.top.location.href=t.value))}},d.addEventListener(\"message\",d.wp.receiveEmbedMessage,!1),l.addEventListener(\"DOMContentLoaded\",function(){for(var e,t,s=l.querySelectorAll(\"iframe.wp-embedded-content\"),r=0;r<s.length;r++)(t=(e=s[r]).getAttribute(\"data-secret\"))||(t=Math.random().toString(36).substring(2,12),e.src+=\"#?secret=\"+t,e.setAttribute(\"data-secret\",t)),e.contentWindow.postMessage({message:\"ready\",secret:t},\"*\")},!1)))}(window,document);\n\/\/# sourceURL=https:\/\/radioljubuski.ba\/wp-includes\/js\/wp-embed.min.js\n<\/script>\n","thumbnail_url":"https:\/\/radioljubuski.ba\/wp-content\/uploads\/2022\/01\/dodik-nsrs.jpg","thumbnail_width":642,"thumbnail_height":339,"description":"Posebna sjednica Narodne skup\u0161tine Republike Srpske, na kojoj bi trebalo biti osnovano Visoko sudsko i tu\u017eiteljsko vije\u0107e Republike Srpske, mogla bi biti odr\u017eana 1. velja\u010de, a nije isklju\u010dena mogu\u0107nost da bude odr\u017ean sastanak svih parlamentarnih politi\u010dkih stranaka iz RS nakon 25. sije\u010dnja, neslu\u017ebeno saznaju \u201cNezavisne novine\u201d. \u201cNa toj posebnoj sjednici, osim o VSTV-u, bit \u0107e [&hellip;]"}