{"version":"1.0","provider_name":"  RADIO LJUBU\u0160KI","provider_url":"https:\/\/radioljubuski.ba","title":"Martinovi\u0107: Sa\u010duvati mehanizam ustavne za\u0161tite Hrvata - RADIO LJUBU\u0160KI","type":"rich","width":600,"height":338,"html":"<blockquote class=\"wp-embedded-content\" data-secret=\"8yrYItBll8\"><a href=\"https:\/\/radioljubuski.ba\/index.php\/2022\/01\/27\/martinovic-sacuvati-mehanizam-ustavne-zastite-hrvata\/\">Martinovi\u0107: Sa\u010duvati mehanizam ustavne za\u0161tite Hrvata<\/a><\/blockquote><iframe sandbox=\"allow-scripts\" security=\"restricted\" src=\"https:\/\/radioljubuski.ba\/index.php\/2022\/01\/27\/martinovic-sacuvati-mehanizam-ustavne-zastite-hrvata\/embed\/#?secret=8yrYItBll8\" width=\"600\" height=\"338\" title=\"&#8220;Martinovi\u0107: Sa\u010duvati mehanizam ustavne za\u0161tite Hrvata&#8221; &#8212;   RADIO LJUBU\u0160KI\" data-secret=\"8yrYItBll8\" frameborder=\"0\" marginwidth=\"0\" marginheight=\"0\" scrolling=\"no\" class=\"wp-embedded-content\"><\/iframe><script>\n\/*! This file is auto-generated *\/\n!function(d,l){\"use strict\";l.querySelector&&d.addEventListener&&\"undefined\"!=typeof URL&&(d.wp=d.wp||{},d.wp.receiveEmbedMessage||(d.wp.receiveEmbedMessage=function(e){var t=e.data;if((t||t.secret||t.message||t.value)&&!\/[^a-zA-Z0-9]\/.test(t.secret)){for(var s,r,n,a=l.querySelectorAll('iframe[data-secret=\"'+t.secret+'\"]'),o=l.querySelectorAll('blockquote[data-secret=\"'+t.secret+'\"]'),c=new RegExp(\"^https?:$\",\"i\"),i=0;i<o.length;i++)o[i].style.display=\"none\";for(i=0;i<a.length;i++)s=a[i],e.source===s.contentWindow&&(s.removeAttribute(\"style\"),\"height\"===t.message?(1e3<(r=parseInt(t.value,10))?r=1e3:~~r<200&&(r=200),s.height=r):\"link\"===t.message&&(r=new URL(s.getAttribute(\"src\")),n=new URL(t.value),c.test(n.protocol))&&n.host===r.host&&l.activeElement===s&&(d.top.location.href=t.value))}},d.addEventListener(\"message\",d.wp.receiveEmbedMessage,!1),l.addEventListener(\"DOMContentLoaded\",function(){for(var e,t,s=l.querySelectorAll(\"iframe.wp-embedded-content\"),r=0;r<s.length;r++)(t=(e=s[r]).getAttribute(\"data-secret\"))||(t=Math.random().toString(36).substring(2,12),e.src+=\"#?secret=\"+t,e.setAttribute(\"data-secret\",t)),e.contentWindow.postMessage({message:\"ready\",secret:t},\"*\")},!1)))}(window,document);\n\/\/# sourceURL=https:\/\/radioljubuski.ba\/wp-includes\/js\/wp-embed.min.js\n<\/script>\n","thumbnail_url":"https:\/\/radioljubuski.ba\/wp-content\/uploads\/2021\/10\/tomislav-martinovic-1.jpg","thumbnail_width":810,"thumbnail_height":575,"description":"Predsjedavaju\u0107i Doma naroda Parlamenta Federacije BiH Tomislav Martinovi\u0107 izjavio je da bi bez mehanizma ustavne za\u0161tite Hrvata FBiH vrlo brzo bila entitet ve\u0107inskog bo\u0161nja\u010dkog naroda. \u2013 Na op\u0107im izborima biraju se zastupnici za Zastupni\u010dki dom, koji se popunjava po na\u010delu \u201cjedan \u010dovjek \u2013 jedan glas\u201d. U FBiH su Bo\u0161njaci u ve\u0107ini i u tom domu [&hellip;]"}