{"version":"1.0","provider_name":"  RADIO LJUBU\u0160KI","provider_url":"https:\/\/radioljubuski.ba","title":"Tko je novi vrhbosanski nadbiskup mons. Tomo Vuk\u0161i\u0107? - RADIO LJUBU\u0160KI","type":"rich","width":600,"height":338,"html":"<blockquote class=\"wp-embedded-content\" data-secret=\"44GXPSZSfF\"><a href=\"https:\/\/radioljubuski.ba\/index.php\/2022\/01\/30\/tko-je-novi-vrhbosanski-nadbiskup-mons-tomo-vuksic\/\">Tko je novi vrhbosanski nadbiskup mons. Tomo Vuk\u0161i\u0107?<\/a><\/blockquote><iframe sandbox=\"allow-scripts\" security=\"restricted\" src=\"https:\/\/radioljubuski.ba\/index.php\/2022\/01\/30\/tko-je-novi-vrhbosanski-nadbiskup-mons-tomo-vuksic\/embed\/#?secret=44GXPSZSfF\" width=\"600\" height=\"338\" title=\"&#8220;Tko je novi vrhbosanski nadbiskup mons. Tomo Vuk\u0161i\u0107?&#8221; &#8212;   RADIO LJUBU\u0160KI\" data-secret=\"44GXPSZSfF\" frameborder=\"0\" marginwidth=\"0\" marginheight=\"0\" scrolling=\"no\" class=\"wp-embedded-content\"><\/iframe><script>\n\/*! This file is auto-generated *\/\n!function(d,l){\"use strict\";l.querySelector&&d.addEventListener&&\"undefined\"!=typeof URL&&(d.wp=d.wp||{},d.wp.receiveEmbedMessage||(d.wp.receiveEmbedMessage=function(e){var t=e.data;if((t||t.secret||t.message||t.value)&&!\/[^a-zA-Z0-9]\/.test(t.secret)){for(var s,r,n,a=l.querySelectorAll('iframe[data-secret=\"'+t.secret+'\"]'),o=l.querySelectorAll('blockquote[data-secret=\"'+t.secret+'\"]'),c=new RegExp(\"^https?:$\",\"i\"),i=0;i<o.length;i++)o[i].style.display=\"none\";for(i=0;i<a.length;i++)s=a[i],e.source===s.contentWindow&&(s.removeAttribute(\"style\"),\"height\"===t.message?(1e3<(r=parseInt(t.value,10))?r=1e3:~~r<200&&(r=200),s.height=r):\"link\"===t.message&&(r=new URL(s.getAttribute(\"src\")),n=new URL(t.value),c.test(n.protocol))&&n.host===r.host&&l.activeElement===s&&(d.top.location.href=t.value))}},d.addEventListener(\"message\",d.wp.receiveEmbedMessage,!1),l.addEventListener(\"DOMContentLoaded\",function(){for(var e,t,s=l.querySelectorAll(\"iframe.wp-embedded-content\"),r=0;r<s.length;r++)(t=(e=s[r]).getAttribute(\"data-secret\"))||(t=Math.random().toString(36).substring(2,12),e.src+=\"#?secret=\"+t,e.setAttribute(\"data-secret\",t)),e.contentWindow.postMessage({message:\"ready\",secret:t},\"*\")},!1)))}(window,document);\n\/\/# sourceURL=https:\/\/radioljubuski.ba\/wp-includes\/js\/wp-embed.min.js\n<\/script>\n","thumbnail_url":"https:\/\/radioljubuski.ba\/wp-content\/uploads\/2022\/01\/Vojni-biskup-Tomo-Vuksic.jpg","thumbnail_width":847,"thumbnail_height":530,"description":"Odlukom pape Franje vodstvo Vrhbosanske nadbiskupije od subote, 29. sije\u010dnja povjereno je nadbiskupu mons. Tomi Vuk\u0161i\u0107u. Time je postao sedmi nadbiskup metropolita od redovite uspostave crkvene hijerarhije 1881. Mons. Vuk\u0161i\u0107 ro\u0111en je 9. sije\u010dnja 1954. u Studencima, op\u0107ina Ljubu\u0161ki, u Mostarsko-Duvanjskoj biskupiji. Nakon studija filozofije i teologije zare\u0111en je za sve\u0107enika 29. lipnja 1980. te [&hellip;]"}