{"version":"1.0","provider_name":"  RADIO LJUBU\u0160KI","provider_url":"https:\/\/radioljubuski.ba","title":"Kadirov nahvalio Vu\u010di\u0107a: Ne\u0107emo to zaboraviti, bra\u0107o - RADIO LJUBU\u0160KI","type":"rich","width":600,"height":338,"html":"<blockquote class=\"wp-embedded-content\" data-secret=\"bmVdEmPgfB\"><a href=\"https:\/\/radioljubuski.ba\/index.php\/2022\/03\/11\/kadirov-nahvalio-vucica-necemo-to-zaboraviti-braco\/\">Kadirov nahvalio Vu\u010di\u0107a: Ne\u0107emo to zaboraviti, bra\u0107o<\/a><\/blockquote><iframe sandbox=\"allow-scripts\" security=\"restricted\" src=\"https:\/\/radioljubuski.ba\/index.php\/2022\/03\/11\/kadirov-nahvalio-vucica-necemo-to-zaboraviti-braco\/embed\/#?secret=bmVdEmPgfB\" width=\"600\" height=\"338\" title=\"&#8220;Kadirov nahvalio Vu\u010di\u0107a: Ne\u0107emo to zaboraviti, bra\u0107o&#8221; &#8212;   RADIO LJUBU\u0160KI\" data-secret=\"bmVdEmPgfB\" frameborder=\"0\" marginwidth=\"0\" marginheight=\"0\" scrolling=\"no\" class=\"wp-embedded-content\"><\/iframe><script>\n\/*! This file is auto-generated *\/\n!function(d,l){\"use strict\";l.querySelector&&d.addEventListener&&\"undefined\"!=typeof URL&&(d.wp=d.wp||{},d.wp.receiveEmbedMessage||(d.wp.receiveEmbedMessage=function(e){var t=e.data;if((t||t.secret||t.message||t.value)&&!\/[^a-zA-Z0-9]\/.test(t.secret)){for(var s,r,n,a=l.querySelectorAll('iframe[data-secret=\"'+t.secret+'\"]'),o=l.querySelectorAll('blockquote[data-secret=\"'+t.secret+'\"]'),c=new RegExp(\"^https?:$\",\"i\"),i=0;i<o.length;i++)o[i].style.display=\"none\";for(i=0;i<a.length;i++)s=a[i],e.source===s.contentWindow&&(s.removeAttribute(\"style\"),\"height\"===t.message?(1e3<(r=parseInt(t.value,10))?r=1e3:~~r<200&&(r=200),s.height=r):\"link\"===t.message&&(r=new URL(s.getAttribute(\"src\")),n=new URL(t.value),c.test(n.protocol))&&n.host===r.host&&l.activeElement===s&&(d.top.location.href=t.value))}},d.addEventListener(\"message\",d.wp.receiveEmbedMessage,!1),l.addEventListener(\"DOMContentLoaded\",function(){for(var e,t,s=l.querySelectorAll(\"iframe.wp-embedded-content\"),r=0;r<s.length;r++)(t=(e=s[r]).getAttribute(\"data-secret\"))||(t=Math.random().toString(36).substring(2,12),e.src+=\"#?secret=\"+t,e.setAttribute(\"data-secret\",t)),e.contentWindow.postMessage({message:\"ready\",secret:t},\"*\")},!1)))}(window,document);\n\/\/# sourceURL=https:\/\/radioljubuski.ba\/wp-includes\/js\/wp-embed.min.js\n<\/script>\n","thumbnail_url":"https:\/\/radioljubuski.ba\/wp-content\/uploads\/2022\/03\/vucic-kadirov.png","thumbnail_width":660,"thumbnail_height":450,"description":"\u010ce\u010denski vo\u0111a Ramzan Kadirov u intervjuu za Tanjug rekao je da Rusija i on nikada ne\u0107e zaboraviti da Srbija, jedina uz Bjelorusiju, nije uvela sankcije te je zahvalio predsjedniku Srbije Aleksandru Vu\u010di\u0107u na \u201cpolitici mira\u201d, prenosi portal b92. Kadirov ka\u017ee da je to \u201cbratski potez\u201d. \u201cVu\u010di\u0107 i Luka\u0161enko primjer su nesebi\u010dnog slu\u017eenja svojoj domovini. Oni [&hellip;]"}