{"version":"1.0","provider_name":"  RADIO LJUBU\u0160KI","provider_url":"https:\/\/radioljubuski.ba","title":"Mladi brani\u010d Dinama na meti Lazija - RADIO LJUBU\u0160KI","type":"rich","width":600,"height":338,"html":"<blockquote class=\"wp-embedded-content\" data-secret=\"JiwbQ68JPl\"><a href=\"https:\/\/radioljubuski.ba\/index.php\/2022\/03\/29\/mladi-branic-dinama-na-meti-lazija\/\">Mladi brani\u010d Dinama na meti Lazija<\/a><\/blockquote><iframe sandbox=\"allow-scripts\" security=\"restricted\" src=\"https:\/\/radioljubuski.ba\/index.php\/2022\/03\/29\/mladi-branic-dinama-na-meti-lazija\/embed\/#?secret=JiwbQ68JPl\" width=\"600\" height=\"338\" title=\"&#8220;Mladi brani\u010d Dinama na meti Lazija&#8221; &#8212;   RADIO LJUBU\u0160KI\" data-secret=\"JiwbQ68JPl\" frameborder=\"0\" marginwidth=\"0\" marginheight=\"0\" scrolling=\"no\" class=\"wp-embedded-content\"><\/iframe><script>\n\/*! This file is auto-generated *\/\n!function(d,l){\"use strict\";l.querySelector&&d.addEventListener&&\"undefined\"!=typeof URL&&(d.wp=d.wp||{},d.wp.receiveEmbedMessage||(d.wp.receiveEmbedMessage=function(e){var t=e.data;if((t||t.secret||t.message||t.value)&&!\/[^a-zA-Z0-9]\/.test(t.secret)){for(var s,r,n,a=l.querySelectorAll('iframe[data-secret=\"'+t.secret+'\"]'),o=l.querySelectorAll('blockquote[data-secret=\"'+t.secret+'\"]'),c=new RegExp(\"^https?:$\",\"i\"),i=0;i<o.length;i++)o[i].style.display=\"none\";for(i=0;i<a.length;i++)s=a[i],e.source===s.contentWindow&&(s.removeAttribute(\"style\"),\"height\"===t.message?(1e3<(r=parseInt(t.value,10))?r=1e3:~~r<200&&(r=200),s.height=r):\"link\"===t.message&&(r=new URL(s.getAttribute(\"src\")),n=new URL(t.value),c.test(n.protocol))&&n.host===r.host&&l.activeElement===s&&(d.top.location.href=t.value))}},d.addEventListener(\"message\",d.wp.receiveEmbedMessage,!1),l.addEventListener(\"DOMContentLoaded\",function(){for(var e,t,s=l.querySelectorAll(\"iframe.wp-embedded-content\"),r=0;r<s.length;r++)(t=(e=s[r]).getAttribute(\"data-secret\"))||(t=Math.random().toString(36).substring(2,12),e.src+=\"#?secret=\"+t,e.setAttribute(\"data-secret\",t)),e.contentWindow.postMessage({message:\"ready\",secret:t},\"*\")},!1)))}(window,document);\n\/\/# sourceURL=https:\/\/radioljubuski.ba\/wp-includes\/js\/wp-embed.min.js\n<\/script>\n","thumbnail_url":"https:\/\/radioljubuski.ba\/wp-content\/uploads\/2021\/11\/2-2021-11-06-13-26-18-sutalo.jpg","thumbnail_width":1000,"thumbnail_height":625,"description":"Prema pisanju talijanskih medija, mladi brani\u010d Dinama i \u010dlan U-21 reprezentacije Josip \u0160utalo velika je ljetna \u017eelja Lazija. Standardni stoper trenuta\u010dno vode\u0107e mom\u010dadi hrvatskog prvenstva jedan je od najboljih igra\u010da Modrih ove sezone te mu cijena na tr\u017ei\u0161tu sve vi\u0161e raste. Pro\u0161le godine bio je odli\u010dan u dresu Istre 1961 te mu je Dinamo odlu\u010dio [&hellip;]"}