{"version":"1.0","provider_name":"  RADIO LJUBU\u0160KI","provider_url":"https:\/\/radioljubuski.ba","title":"Uhi\u0107en napada\u010d iz njujor\u0161ke podzemne \u017eeljeznice - RADIO LJUBU\u0160KI","type":"rich","width":600,"height":338,"html":"<blockquote class=\"wp-embedded-content\" data-secret=\"kEAgHEx5r5\"><a href=\"https:\/\/radioljubuski.ba\/index.php\/2022\/04\/14\/uhicen-napadac-iz-njujorske-podzemne-zeljeznice\/\">Uhi\u0107en napada\u010d iz njujor\u0161ke podzemne \u017eeljeznice<\/a><\/blockquote><iframe sandbox=\"allow-scripts\" security=\"restricted\" src=\"https:\/\/radioljubuski.ba\/index.php\/2022\/04\/14\/uhicen-napadac-iz-njujorske-podzemne-zeljeznice\/embed\/#?secret=kEAgHEx5r5\" width=\"600\" height=\"338\" title=\"&#8220;Uhi\u0107en napada\u010d iz njujor\u0161ke podzemne \u017eeljeznice&#8221; &#8212;   RADIO LJUBU\u0160KI\" data-secret=\"kEAgHEx5r5\" frameborder=\"0\" marginwidth=\"0\" marginheight=\"0\" scrolling=\"no\" class=\"wp-embedded-content\"><\/iframe><script>\n\/*! This file is auto-generated *\/\n!function(d,l){\"use strict\";l.querySelector&&d.addEventListener&&\"undefined\"!=typeof URL&&(d.wp=d.wp||{},d.wp.receiveEmbedMessage||(d.wp.receiveEmbedMessage=function(e){var t=e.data;if((t||t.secret||t.message||t.value)&&!\/[^a-zA-Z0-9]\/.test(t.secret)){for(var s,r,n,a=l.querySelectorAll('iframe[data-secret=\"'+t.secret+'\"]'),o=l.querySelectorAll('blockquote[data-secret=\"'+t.secret+'\"]'),c=new RegExp(\"^https?:$\",\"i\"),i=0;i<o.length;i++)o[i].style.display=\"none\";for(i=0;i<a.length;i++)s=a[i],e.source===s.contentWindow&&(s.removeAttribute(\"style\"),\"height\"===t.message?(1e3<(r=parseInt(t.value,10))?r=1e3:~~r<200&&(r=200),s.height=r):\"link\"===t.message&&(r=new URL(s.getAttribute(\"src\")),n=new URL(t.value),c.test(n.protocol))&&n.host===r.host&&l.activeElement===s&&(d.top.location.href=t.value))}},d.addEventListener(\"message\",d.wp.receiveEmbedMessage,!1),l.addEventListener(\"DOMContentLoaded\",function(){for(var e,t,s=l.querySelectorAll(\"iframe.wp-embedded-content\"),r=0;r<s.length;r++)(t=(e=s[r]).getAttribute(\"data-secret\"))||(t=Math.random().toString(36).substring(2,12),e.src+=\"#?secret=\"+t,e.setAttribute(\"data-secret\",t)),e.contentWindow.postMessage({message:\"ready\",secret:t},\"*\")},!1)))}(window,document);\n\/\/# sourceURL=https:\/\/radioljubuski.ba\/wp-includes\/js\/wp-embed.min.js\n<\/script>\n","thumbnail_url":"https:\/\/radioljubuski.ba\/wp-content\/uploads\/2022\/04\/2-2022-04-13-21-44-52-330916.jpeg","thumbnail_width":1000,"thumbnail_height":625,"description":"Njujor\u0161ke vlasti uhitile su napada\u010da koji je ispalio dimne bombe i upucao 10 putnika u prepunom vagonu podzemne \u017eeljeznice u New Yorku, rekao je u srijedu gradona\u010delnik Eric Adams, \u010dime je zavr\u0161ena potraga koja je obnovila strah od nasilja u gradskom sustavu javnog prijevoza. Policija, savezne i dr\u017eavne slu\u017ebe pokrenuli su masovnu potragu za Frankom [&hellip;]"}