{"version":"1.0","provider_name":"  RADIO LJUBU\u0160KI","provider_url":"https:\/\/radioljubuski.ba","title":"Odre\u0111en pritvor mu\u0161karcu koji je prijetio Vu\u010di\u0107u - RADIO LJUBU\u0160KI","type":"rich","width":600,"height":338,"html":"<blockquote class=\"wp-embedded-content\" data-secret=\"Nthfg6F6kp\"><a href=\"https:\/\/radioljubuski.ba\/index.php\/2022\/04\/18\/odreden-pritvor-muskarcu-koji-je-prijetio-vucicu\/\">Odre\u0111en pritvor mu\u0161karcu koji je prijetio Vu\u010di\u0107u<\/a><\/blockquote><iframe sandbox=\"allow-scripts\" security=\"restricted\" src=\"https:\/\/radioljubuski.ba\/index.php\/2022\/04\/18\/odreden-pritvor-muskarcu-koji-je-prijetio-vucicu\/embed\/#?secret=Nthfg6F6kp\" width=\"600\" height=\"338\" title=\"&#8220;Odre\u0111en pritvor mu\u0161karcu koji je prijetio Vu\u010di\u0107u&#8221; &#8212;   RADIO LJUBU\u0160KI\" data-secret=\"Nthfg6F6kp\" frameborder=\"0\" marginwidth=\"0\" marginheight=\"0\" scrolling=\"no\" class=\"wp-embedded-content\"><\/iframe><script>\n\/*! This file is auto-generated *\/\n!function(d,l){\"use strict\";l.querySelector&&d.addEventListener&&\"undefined\"!=typeof URL&&(d.wp=d.wp||{},d.wp.receiveEmbedMessage||(d.wp.receiveEmbedMessage=function(e){var t=e.data;if((t||t.secret||t.message||t.value)&&!\/[^a-zA-Z0-9]\/.test(t.secret)){for(var s,r,n,a=l.querySelectorAll('iframe[data-secret=\"'+t.secret+'\"]'),o=l.querySelectorAll('blockquote[data-secret=\"'+t.secret+'\"]'),c=new RegExp(\"^https?:$\",\"i\"),i=0;i<o.length;i++)o[i].style.display=\"none\";for(i=0;i<a.length;i++)s=a[i],e.source===s.contentWindow&&(s.removeAttribute(\"style\"),\"height\"===t.message?(1e3<(r=parseInt(t.value,10))?r=1e3:~~r<200&&(r=200),s.height=r):\"link\"===t.message&&(r=new URL(s.getAttribute(\"src\")),n=new URL(t.value),c.test(n.protocol))&&n.host===r.host&&l.activeElement===s&&(d.top.location.href=t.value))}},d.addEventListener(\"message\",d.wp.receiveEmbedMessage,!1),l.addEventListener(\"DOMContentLoaded\",function(){for(var e,t,s=l.querySelectorAll(\"iframe.wp-embedded-content\"),r=0;r<s.length;r++)(t=(e=s[r]).getAttribute(\"data-secret\"))||(t=Math.random().toString(36).substring(2,12),e.src+=\"#?secret=\"+t,e.setAttribute(\"data-secret\",t)),e.contentWindow.postMessage({message:\"ready\",secret:t},\"*\")},!1)))}(window,document);\n\/\/# sourceURL=https:\/\/radioljubuski.ba\/wp-includes\/js\/wp-embed.min.js\n<\/script>\n","thumbnail_url":"https:\/\/radioljubuski.ba\/wp-content\/uploads\/2022\/04\/5CzfoUFK_zatvor_pritvor_policija_hapsenje.jpg","thumbnail_width":1000,"thumbnail_height":625,"description":"Sud u Beogradu odredio je pritvor do 30 dana Beogra\u0111aninu N.S. koji je predsjedniku Republike Srbije Aleksandru Vu\u010di\u0107u uputio prijetnje smr\u0107u na dru\u0161tvenoj mre\u017ei Instagram. Pritvor mu je odredio sudac za prethodni postupak na prijedlog javnog tu\u017eiteljstva u Beogradu, potvr\u0111eno je Tanjugu. N.S. je tijekom vikenda saslu\u0161an u tu\u017eiteljstvu, gdje je priznao izvr\u0161enje krivi\u010dnog djela, [&hellip;]"}