{"version":"1.0","provider_name":"  RADIO LJUBU\u0160KI","provider_url":"https:\/\/radioljubuski.ba","title":"Jablanica: Gorjela gradska deponija - RADIO LJUBU\u0160KI","type":"rich","width":600,"height":338,"html":"<blockquote class=\"wp-embedded-content\" data-secret=\"sZQ5wHyy00\"><a href=\"https:\/\/radioljubuski.ba\/index.php\/2022\/05\/23\/jablanica-gorjela-gradska-deponija\/\">Jablanica: Gorjela gradska deponija<\/a><\/blockquote><iframe sandbox=\"allow-scripts\" security=\"restricted\" src=\"https:\/\/radioljubuski.ba\/index.php\/2022\/05\/23\/jablanica-gorjela-gradska-deponija\/embed\/#?secret=sZQ5wHyy00\" width=\"600\" height=\"338\" title=\"&#8220;Jablanica: Gorjela gradska deponija&#8221; &#8212;   RADIO LJUBU\u0160KI\" data-secret=\"sZQ5wHyy00\" frameborder=\"0\" marginwidth=\"0\" marginheight=\"0\" scrolling=\"no\" class=\"wp-embedded-content\"><\/iframe><script>\n\/*! This file is auto-generated *\/\n!function(d,l){\"use strict\";l.querySelector&&d.addEventListener&&\"undefined\"!=typeof URL&&(d.wp=d.wp||{},d.wp.receiveEmbedMessage||(d.wp.receiveEmbedMessage=function(e){var t=e.data;if((t||t.secret||t.message||t.value)&&!\/[^a-zA-Z0-9]\/.test(t.secret)){for(var s,r,n,a=l.querySelectorAll('iframe[data-secret=\"'+t.secret+'\"]'),o=l.querySelectorAll('blockquote[data-secret=\"'+t.secret+'\"]'),c=new RegExp(\"^https?:$\",\"i\"),i=0;i<o.length;i++)o[i].style.display=\"none\";for(i=0;i<a.length;i++)s=a[i],e.source===s.contentWindow&&(s.removeAttribute(\"style\"),\"height\"===t.message?(1e3<(r=parseInt(t.value,10))?r=1e3:~~r<200&&(r=200),s.height=r):\"link\"===t.message&&(r=new URL(s.getAttribute(\"src\")),n=new URL(t.value),c.test(n.protocol))&&n.host===r.host&&l.activeElement===s&&(d.top.location.href=t.value))}},d.addEventListener(\"message\",d.wp.receiveEmbedMessage,!1),l.addEventListener(\"DOMContentLoaded\",function(){for(var e,t,s=l.querySelectorAll(\"iframe.wp-embedded-content\"),r=0;r<s.length;r++)(t=(e=s[r]).getAttribute(\"data-secret\"))||(t=Math.random().toString(36).substring(2,12),e.src+=\"#?secret=\"+t,e.setAttribute(\"data-secret\",t)),e.contentWindow.postMessage({message:\"ready\",secret:t},\"*\")},!1)))}(window,document);\n\/\/# sourceURL=https:\/\/radioljubuski.ba\/wp-includes\/js\/wp-embed.min.js\n<\/script>\n","thumbnail_url":"https:\/\/radioljubuski.ba\/wp-content\/uploads\/2022\/05\/jablanica.jpg","thumbnail_width":489,"thumbnail_height":502,"description":"U nedjelju 22. svibnja od\u00a020:49 do 22:15 sati gorila je gradska deponija &#8221;Bukova&#8221; u Jablanici, priop\u0107eno je u izvje\u0161\u0107u \u017dupanijskog operativnog centra CZ. Tako\u0111er, prema posljednjim podacima iz izvje\u0161\u0107a do sada je 518 osoba prijavilo materijalnu \u0161tetu. Povjerenstvo za procjenu nastale \u0161tete sa \u010detiri tima nastavlja sa radom. Nastavljaju se aktivnosti uklanjanja otpale \u017ebuke, crijepa [&hellip;]"}