{"version":"1.0","provider_name":"  RADIO LJUBU\u0160KI","provider_url":"https:\/\/radioljubuski.ba","title":"\u0160vicarski motociklist ozlije\u0111en na \u010cvrsnici - RADIO LJUBU\u0160KI","type":"rich","width":600,"height":338,"html":"<blockquote class=\"wp-embedded-content\" data-secret=\"ND26y0J1Ti\"><a href=\"https:\/\/radioljubuski.ba\/index.php\/2022\/06\/22\/svicarski-motociklist-ozlijeden-na-cvrsnici\/\">\u0160vicarski motociklist ozlije\u0111en na \u010cvrsnici<\/a><\/blockquote><iframe sandbox=\"allow-scripts\" security=\"restricted\" src=\"https:\/\/radioljubuski.ba\/index.php\/2022\/06\/22\/svicarski-motociklist-ozlijeden-na-cvrsnici\/embed\/#?secret=ND26y0J1Ti\" width=\"600\" height=\"338\" title=\"&#8220;\u0160vicarski motociklist ozlije\u0111en na \u010cvrsnici&#8221; &#8212;   RADIO LJUBU\u0160KI\" data-secret=\"ND26y0J1Ti\" frameborder=\"0\" marginwidth=\"0\" marginheight=\"0\" scrolling=\"no\" class=\"wp-embedded-content\"><\/iframe><script>\n\/*! This file is auto-generated *\/\n!function(d,l){\"use strict\";l.querySelector&&d.addEventListener&&\"undefined\"!=typeof URL&&(d.wp=d.wp||{},d.wp.receiveEmbedMessage||(d.wp.receiveEmbedMessage=function(e){var t=e.data;if((t||t.secret||t.message||t.value)&&!\/[^a-zA-Z0-9]\/.test(t.secret)){for(var s,r,n,a=l.querySelectorAll('iframe[data-secret=\"'+t.secret+'\"]'),o=l.querySelectorAll('blockquote[data-secret=\"'+t.secret+'\"]'),c=new RegExp(\"^https?:$\",\"i\"),i=0;i<o.length;i++)o[i].style.display=\"none\";for(i=0;i<a.length;i++)s=a[i],e.source===s.contentWindow&&(s.removeAttribute(\"style\"),\"height\"===t.message?(1e3<(r=parseInt(t.value,10))?r=1e3:~~r<200&&(r=200),s.height=r):\"link\"===t.message&&(r=new URL(s.getAttribute(\"src\")),n=new URL(t.value),c.test(n.protocol))&&n.host===r.host&&l.activeElement===s&&(d.top.location.href=t.value))}},d.addEventListener(\"message\",d.wp.receiveEmbedMessage,!1),l.addEventListener(\"DOMContentLoaded\",function(){for(var e,t,s=l.querySelectorAll(\"iframe.wp-embedded-content\"),r=0;r<s.length;r++)(t=(e=s[r]).getAttribute(\"data-secret\"))||(t=Math.random().toString(36).substring(2,12),e.src+=\"#?secret=\"+t,e.setAttribute(\"data-secret\",t)),e.contentWindow.postMessage({message:\"ready\",secret:t},\"*\")},!1)))}(window,document);\n\/\/# sourceURL=https:\/\/radioljubuski.ba\/wp-includes\/js\/wp-embed.min.js\n<\/script>\n","thumbnail_url":"https:\/\/radioljubuski.ba\/wp-content\/uploads\/2022\/06\/8-2022-06-22-07-06-22-cvrsnica-hgss.jpg","thumbnail_width":1000,"thumbnail_height":625,"description":"Na poziv hitne pomo\u0107i Posu\u0161je tri gorska spa\u0161avatelja HGSS Posu\u0161je iza\u0161li su na intervenciju na planini \u010cvrsnici gdje je ozlije\u0111en \u0161vicarski dr\u017eavljanin na podru\u010dju do kojeg ne mo\u017ee do\u0107i ekipa hitne pomo\u0107i. Gorski spa\u0161avatelji unesre\u0107enom su pru\u017eili prvu pomo\u0107 i transportirali ga do Doma zdravlja u Posu\u0161ju, priop\u0107eno je iz GSSuBiH. Izvor:pogled.ba"}