{"version":"1.0","provider_name":"  RADIO LJUBU\u0160KI","provider_url":"https:\/\/radioljubuski.ba","title":"GSS \u0160iroki Brijeg organizira Dan otvorenih vrata - RADIO LJUBU\u0160KI","type":"rich","width":600,"height":338,"html":"<blockquote class=\"wp-embedded-content\" data-secret=\"ZNxSYngpx2\"><a href=\"https:\/\/radioljubuski.ba\/index.php\/2022\/06\/23\/gss-siroki-brijeg-organizira-dan-otvorenih-vrata\/\">GSS \u0160iroki Brijeg organizira Dan otvorenih vrata<\/a><\/blockquote><iframe sandbox=\"allow-scripts\" security=\"restricted\" src=\"https:\/\/radioljubuski.ba\/index.php\/2022\/06\/23\/gss-siroki-brijeg-organizira-dan-otvorenih-vrata\/embed\/#?secret=ZNxSYngpx2\" width=\"600\" height=\"338\" title=\"&#8220;GSS \u0160iroki Brijeg organizira Dan otvorenih vrata&#8221; &#8212;   RADIO LJUBU\u0160KI\" data-secret=\"ZNxSYngpx2\" frameborder=\"0\" marginwidth=\"0\" marginheight=\"0\" scrolling=\"no\" class=\"wp-embedded-content\"><\/iframe><script>\n\/*! This file is auto-generated *\/\n!function(d,l){\"use strict\";l.querySelector&&d.addEventListener&&\"undefined\"!=typeof URL&&(d.wp=d.wp||{},d.wp.receiveEmbedMessage||(d.wp.receiveEmbedMessage=function(e){var t=e.data;if((t||t.secret||t.message||t.value)&&!\/[^a-zA-Z0-9]\/.test(t.secret)){for(var s,r,n,a=l.querySelectorAll('iframe[data-secret=\"'+t.secret+'\"]'),o=l.querySelectorAll('blockquote[data-secret=\"'+t.secret+'\"]'),c=new RegExp(\"^https?:$\",\"i\"),i=0;i<o.length;i++)o[i].style.display=\"none\";for(i=0;i<a.length;i++)s=a[i],e.source===s.contentWindow&&(s.removeAttribute(\"style\"),\"height\"===t.message?(1e3<(r=parseInt(t.value,10))?r=1e3:~~r<200&&(r=200),s.height=r):\"link\"===t.message&&(r=new URL(s.getAttribute(\"src\")),n=new URL(t.value),c.test(n.protocol))&&n.host===r.host&&l.activeElement===s&&(d.top.location.href=t.value))}},d.addEventListener(\"message\",d.wp.receiveEmbedMessage,!1),l.addEventListener(\"DOMContentLoaded\",function(){for(var e,t,s=l.querySelectorAll(\"iframe.wp-embedded-content\"),r=0;r<s.length;r++)(t=(e=s[r]).getAttribute(\"data-secret\"))||(t=Math.random().toString(36).substring(2,12),e.src+=\"#?secret=\"+t,e.setAttribute(\"data-secret\",t)),e.contentWindow.postMessage({message:\"ready\",secret:t},\"*\")},!1)))}(window,document);\n\/\/# sourceURL=https:\/\/radioljubuski.ba\/wp-includes\/js\/wp-embed.min.js\n<\/script>\n","thumbnail_url":"https:\/\/radioljubuski.ba\/wp-content\/uploads\/2022\/06\/dan-otvorenih-vrata-gss.jpg","thumbnail_width":810,"thumbnail_height":658,"description":"Gorska slu\u017eba spa\u0161avanja \u0160irokog Brijega organizira Dan otvorenih vrata. Njihova ideja je\u00a0\u0161iroj javnosti predstaviti stanicu, posebice opremu koju se koriste u akcijama spa\u0161avanje te porazgovarati sa svim prisutnim na \u201c\u010da\u0161ici\u201d razgovora. Dan otvorenih vrata odr\u017eat \u0107e se u\u00a0\u010detvrtak, 30. lipnja\u00a0s po\u010detkom u\u00a019:00 sati\u00a0u parku Sajmi\u0161te u Borku. Ako nas vrijeme ponovno ne poslu\u017ei doga\u0111aj \u0107emo [&hellip;]"}