{"version":"1.0","provider_name":"  RADIO LJUBU\u0160KI","provider_url":"https:\/\/radioljubuski.ba","title":"Kruzer sa tisu\u0107u putnika uplovio u neumski akvatorij - RADIO LJUBU\u0160KI","type":"rich","width":600,"height":338,"html":"<blockquote class=\"wp-embedded-content\" data-secret=\"lnUCXxk8Fg\"><a href=\"https:\/\/radioljubuski.ba\/index.php\/2022\/06\/23\/kruzer-sa-tisucu-putnika-uplovio-u-neumski-akvatorij\/\">Kruzer sa tisu\u0107u putnika uplovio u neumski akvatorij<\/a><\/blockquote><iframe sandbox=\"allow-scripts\" security=\"restricted\" src=\"https:\/\/radioljubuski.ba\/index.php\/2022\/06\/23\/kruzer-sa-tisucu-putnika-uplovio-u-neumski-akvatorij\/embed\/#?secret=lnUCXxk8Fg\" width=\"600\" height=\"338\" title=\"&#8220;Kruzer sa tisu\u0107u putnika uplovio u neumski akvatorij&#8221; &#8212;   RADIO LJUBU\u0160KI\" data-secret=\"lnUCXxk8Fg\" frameborder=\"0\" marginwidth=\"0\" marginheight=\"0\" scrolling=\"no\" class=\"wp-embedded-content\"><\/iframe><script>\n\/*! This file is auto-generated *\/\n!function(d,l){\"use strict\";l.querySelector&&d.addEventListener&&\"undefined\"!=typeof URL&&(d.wp=d.wp||{},d.wp.receiveEmbedMessage||(d.wp.receiveEmbedMessage=function(e){var t=e.data;if((t||t.secret||t.message||t.value)&&!\/[^a-zA-Z0-9]\/.test(t.secret)){for(var s,r,n,a=l.querySelectorAll('iframe[data-secret=\"'+t.secret+'\"]'),o=l.querySelectorAll('blockquote[data-secret=\"'+t.secret+'\"]'),c=new RegExp(\"^https?:$\",\"i\"),i=0;i<o.length;i++)o[i].style.display=\"none\";for(i=0;i<a.length;i++)s=a[i],e.source===s.contentWindow&&(s.removeAttribute(\"style\"),\"height\"===t.message?(1e3<(r=parseInt(t.value,10))?r=1e3:~~r<200&&(r=200),s.height=r):\"link\"===t.message&&(r=new URL(s.getAttribute(\"src\")),n=new URL(t.value),c.test(n.protocol))&&n.host===r.host&&l.activeElement===s&&(d.top.location.href=t.value))}},d.addEventListener(\"message\",d.wp.receiveEmbedMessage,!1),l.addEventListener(\"DOMContentLoaded\",function(){for(var e,t,s=l.querySelectorAll(\"iframe.wp-embedded-content\"),r=0;r<s.length;r++)(t=(e=s[r]).getAttribute(\"data-secret\"))||(t=Math.random().toString(36).substring(2,12),e.src+=\"#?secret=\"+t,e.setAttribute(\"data-secret\",t)),e.contentWindow.postMessage({message:\"ready\",secret:t},\"*\")},!1)))}(window,document);\n\/\/# sourceURL=https:\/\/radioljubuski.ba\/wp-includes\/js\/wp-embed.min.js\n<\/script>\n","thumbnail_url":"https:\/\/radioljubuski.ba\/wp-content\/uploads\/2022\/06\/kruzer-peljeski-most.jpg","thumbnail_width":1000,"thumbnail_height":666,"description":"Kruzer \u201cBolette\u201d pod zapovjedni\u0161tvom dubrova\u010dkog kapetana Joze Glavi\u0107a sa ne\u0161to vi\u0161e od tisu\u0107u putnika pro\u0161ao je iza 6:30 sati ispod Pelje\u0161kog mosta na svom putu prema neumskom akvatoriju. To je prvi veliki brod koji je pro\u0161ao ispod novosagra\u0111enog mosta, \u010dije se i slu\u017ebeno otvorenje o\u010dekuje krajem srpnja. Putnici na bordu su mogli\u00a0u\u017eivati u pogledu\u00a0na most-remek [&hellip;]"}