{"version":"1.0","provider_name":"  RADIO LJUBU\u0160KI","provider_url":"https:\/\/radioljubuski.ba","title":"Dinamo i Wolfsburg se dogovorili oko Franji\u0107a - RADIO LJUBU\u0160KI","type":"rich","width":600,"height":338,"html":"<blockquote class=\"wp-embedded-content\" data-secret=\"tXSQqPxR5N\"><a href=\"https:\/\/radioljubuski.ba\/index.php\/2022\/06\/26\/dinamo-i-wolfsburg-se-dogovorili-oko-franjica\/\">Dinamo i Wolfsburg se dogovorili oko Franji\u0107a<\/a><\/blockquote><iframe sandbox=\"allow-scripts\" security=\"restricted\" src=\"https:\/\/radioljubuski.ba\/index.php\/2022\/06\/26\/dinamo-i-wolfsburg-se-dogovorili-oko-franjica\/embed\/#?secret=tXSQqPxR5N\" width=\"600\" height=\"338\" title=\"&#8220;Dinamo i Wolfsburg se dogovorili oko Franji\u0107a&#8221; &#8212;   RADIO LJUBU\u0160KI\" data-secret=\"tXSQqPxR5N\" frameborder=\"0\" marginwidth=\"0\" marginheight=\"0\" scrolling=\"no\" class=\"wp-embedded-content\"><\/iframe><script>\n\/*! This file is auto-generated *\/\n!function(d,l){\"use strict\";l.querySelector&&d.addEventListener&&\"undefined\"!=typeof URL&&(d.wp=d.wp||{},d.wp.receiveEmbedMessage||(d.wp.receiveEmbedMessage=function(e){var t=e.data;if((t||t.secret||t.message||t.value)&&!\/[^a-zA-Z0-9]\/.test(t.secret)){for(var s,r,n,a=l.querySelectorAll('iframe[data-secret=\"'+t.secret+'\"]'),o=l.querySelectorAll('blockquote[data-secret=\"'+t.secret+'\"]'),c=new RegExp(\"^https?:$\",\"i\"),i=0;i<o.length;i++)o[i].style.display=\"none\";for(i=0;i<a.length;i++)s=a[i],e.source===s.contentWindow&&(s.removeAttribute(\"style\"),\"height\"===t.message?(1e3<(r=parseInt(t.value,10))?r=1e3:~~r<200&&(r=200),s.height=r):\"link\"===t.message&&(r=new URL(s.getAttribute(\"src\")),n=new URL(t.value),c.test(n.protocol))&&n.host===r.host&&l.activeElement===s&&(d.top.location.href=t.value))}},d.addEventListener(\"message\",d.wp.receiveEmbedMessage,!1),l.addEventListener(\"DOMContentLoaded\",function(){for(var e,t,s=l.querySelectorAll(\"iframe.wp-embedded-content\"),r=0;r<s.length;r++)(t=(e=s[r]).getAttribute(\"data-secret\"))||(t=Math.random().toString(36).substring(2,12),e.src+=\"#?secret=\"+t,e.setAttribute(\"data-secret\",t)),e.contentWindow.postMessage({message:\"ready\",secret:t},\"*\")},!1)))}(window,document);\n\/\/# sourceURL=https:\/\/radioljubuski.ba\/wp-includes\/js\/wp-embed.min.js\n<\/script>\n","thumbnail_url":"https:\/\/radioljubuski.ba\/wp-content\/uploads\/2022\/06\/10-2022-06-26-14-09-33-Snimka-zaslona-2022-06-26-140840.jpg","thumbnail_width":1000,"thumbnail_height":625,"description":"Dvadesetdvogodi\u0161nji igra\u010d Dinama&nbsp;Bartol Franji\u0107&nbsp;napustio je pripreme Modrih u Sloveniji i uskoro bi trebao postati novi \u010dlan njema\u010dkog bundesliga\u0161a Wolfsburga, kluba koji je prije mjesec dana preuzeo biv\u0161i hrvatski izbornik&nbsp;Niko Kova\u010d. Iako je zagreba\u010dki klub odbio prvotnu ponudu Wolfsburga od pet milijuna eura tra\u017ee\u0107i osam milijuna, \u010dini se kako je posao ipak dogovoren. Transfer bi uskoro [&hellip;]"}