{"version":"1.0","provider_name":"  RADIO LJUBU\u0160KI","provider_url":"https:\/\/radioljubuski.ba","title":"Ljubu\u0161ak izgubio utrku za \u0161efa TZ-a Makarske - RADIO LJUBU\u0160KI","type":"rich","width":600,"height":338,"html":"<blockquote class=\"wp-embedded-content\" data-secret=\"dayTBtSUfV\"><a href=\"https:\/\/radioljubuski.ba\/index.php\/2022\/06\/30\/ljubusak-izgubio-utrku-za-sefa-tz-a-makarske\/\">Ljubu\u0161ak izgubio utrku za \u0161efa TZ-a Makarske<\/a><\/blockquote><iframe sandbox=\"allow-scripts\" security=\"restricted\" src=\"https:\/\/radioljubuski.ba\/index.php\/2022\/06\/30\/ljubusak-izgubio-utrku-za-sefa-tz-a-makarske\/embed\/#?secret=dayTBtSUfV\" width=\"600\" height=\"338\" title=\"&#8220;Ljubu\u0161ak izgubio utrku za \u0161efa TZ-a Makarske&#8221; &#8212;   RADIO LJUBU\u0160KI\" data-secret=\"dayTBtSUfV\" frameborder=\"0\" marginwidth=\"0\" marginheight=\"0\" scrolling=\"no\" class=\"wp-embedded-content\"><\/iframe><script>\n\/*! This file is auto-generated *\/\n!function(d,l){\"use strict\";l.querySelector&&d.addEventListener&&\"undefined\"!=typeof URL&&(d.wp=d.wp||{},d.wp.receiveEmbedMessage||(d.wp.receiveEmbedMessage=function(e){var t=e.data;if((t||t.secret||t.message||t.value)&&!\/[^a-zA-Z0-9]\/.test(t.secret)){for(var s,r,n,a=l.querySelectorAll('iframe[data-secret=\"'+t.secret+'\"]'),o=l.querySelectorAll('blockquote[data-secret=\"'+t.secret+'\"]'),c=new RegExp(\"^https?:$\",\"i\"),i=0;i<o.length;i++)o[i].style.display=\"none\";for(i=0;i<a.length;i++)s=a[i],e.source===s.contentWindow&&(s.removeAttribute(\"style\"),\"height\"===t.message?(1e3<(r=parseInt(t.value,10))?r=1e3:~~r<200&&(r=200),s.height=r):\"link\"===t.message&&(r=new URL(s.getAttribute(\"src\")),n=new URL(t.value),c.test(n.protocol))&&n.host===r.host&&l.activeElement===s&&(d.top.location.href=t.value))}},d.addEventListener(\"message\",d.wp.receiveEmbedMessage,!1),l.addEventListener(\"DOMContentLoaded\",function(){for(var e,t,s=l.querySelectorAll(\"iframe.wp-embedded-content\"),r=0;r<s.length;r++)(t=(e=s[r]).getAttribute(\"data-secret\"))||(t=Math.random().toString(36).substring(2,12),e.src+=\"#?secret=\"+t,e.setAttribute(\"data-secret\",t)),e.contentWindow.postMessage({message:\"ready\",secret:t},\"*\")},!1)))}(window,document);\n\/\/# sourceURL=https:\/\/radioljubuski.ba\/wp-includes\/js\/wp-embed.min.js\n<\/script>\n","thumbnail_url":"https:\/\/radioljubuski.ba\/wp-content\/uploads\/2021\/06\/5yFowvsT_makarska.jpg","thumbnail_width":1000,"thumbnail_height":625,"description":"Turisti\u010dka zajednica grada Makarske (TZ) je nakon gotovo godinu dana napokon dobila nasljednika direktorice Hloverke Novak Srzi\u0107, jer je Turisti\u010dko vije\u0107e potvrdilo izbor Makaranina Vedrana Valid\u017ei\u0107a. Na natje\u010daj su se bili prijavili i&nbsp;Ton\u010di Lali\u0107&nbsp;i&nbsp;Marinko Brki\u0107&nbsp;iz Ljubu\u0161kog (BiH) koji, kako doznajemo, nije prilo\u017eio potrebni program.&nbsp;Valid\u017ei\u0107&nbsp;ima 46 godina i nova je nada turizma pod Biokovom u kojem [&hellip;]"}