{"version":"1.0","provider_name":"  RADIO LJUBU\u0160KI","provider_url":"https:\/\/radioljubuski.ba","title":"Mostar: Tra\u017eiti novu lokaciju za deponiju je (ne)realno - RADIO LJUBU\u0160KI","type":"rich","width":600,"height":338,"html":"<blockquote class=\"wp-embedded-content\" data-secret=\"LggYAgV7d9\"><a href=\"https:\/\/radioljubuski.ba\/index.php\/2022\/07\/01\/mostar-traziti-novu-lokaciju-za-deponiju-je-nerealno\/\">Mostar: Tra\u017eiti novu lokaciju za deponiju je (ne)realno<\/a><\/blockquote><iframe sandbox=\"allow-scripts\" security=\"restricted\" src=\"https:\/\/radioljubuski.ba\/index.php\/2022\/07\/01\/mostar-traziti-novu-lokaciju-za-deponiju-je-nerealno\/embed\/#?secret=LggYAgV7d9\" width=\"600\" height=\"338\" title=\"&#8220;Mostar: Tra\u017eiti novu lokaciju za deponiju je (ne)realno&#8221; &#8212;   RADIO LJUBU\u0160KI\" data-secret=\"LggYAgV7d9\" frameborder=\"0\" marginwidth=\"0\" marginheight=\"0\" scrolling=\"no\" class=\"wp-embedded-content\"><\/iframe><script>\n\/*! This file is auto-generated *\/\n!function(d,l){\"use strict\";l.querySelector&&d.addEventListener&&\"undefined\"!=typeof URL&&(d.wp=d.wp||{},d.wp.receiveEmbedMessage||(d.wp.receiveEmbedMessage=function(e){var t=e.data;if((t||t.secret||t.message||t.value)&&!\/[^a-zA-Z0-9]\/.test(t.secret)){for(var s,r,n,a=l.querySelectorAll('iframe[data-secret=\"'+t.secret+'\"]'),o=l.querySelectorAll('blockquote[data-secret=\"'+t.secret+'\"]'),c=new RegExp(\"^https?:$\",\"i\"),i=0;i<o.length;i++)o[i].style.display=\"none\";for(i=0;i<a.length;i++)s=a[i],e.source===s.contentWindow&&(s.removeAttribute(\"style\"),\"height\"===t.message?(1e3<(r=parseInt(t.value,10))?r=1e3:~~r<200&&(r=200),s.height=r):\"link\"===t.message&&(r=new URL(s.getAttribute(\"src\")),n=new URL(t.value),c.test(n.protocol))&&n.host===r.host&&l.activeElement===s&&(d.top.location.href=t.value))}},d.addEventListener(\"message\",d.wp.receiveEmbedMessage,!1),l.addEventListener(\"DOMContentLoaded\",function(){for(var e,t,s=l.querySelectorAll(\"iframe.wp-embedded-content\"),r=0;r<s.length;r++)(t=(e=s[r]).getAttribute(\"data-secret\"))||(t=Math.random().toString(36).substring(2,12),e.src+=\"#?secret=\"+t,e.setAttribute(\"data-secret\",t)),e.contentWindow.postMessage({message:\"ready\",secret:t},\"*\")},!1)))}(window,document);\n\/\/# sourceURL=https:\/\/radioljubuski.ba\/wp-includes\/js\/wp-embed.min.js\n<\/script>\n","thumbnail_url":"https:\/\/radioljubuski.ba\/wp-content\/uploads\/2022\/07\/deponija-mostar-foto-cin-960x540-1.jpg","thumbnail_width":960,"thumbnail_height":540,"description":"Prije ne\u0161to vi\u0161e od godinu, 10. lipnja 2021, Gradsko vije\u0107e Mostara odr\u017ealo je tematsku sjednicu na temu Regionalna deponija Uborak. Nakon rasprave zapo\u010dete izlaganjem gradona\u010delnika Marija Kordi\u0107a, koji je istaknuo kako je to jedna od glavnih tema i goru\u0107i problem u Mostaru, a u kojoj su sudjelovali i predstavnici gradske administracije, Javnog poduze\u0107a&nbsp;Deponija, tvrtke Enova [&hellip;]"}