{"version":"1.0","provider_name":"  RADIO LJUBU\u0160KI","provider_url":"https:\/\/radioljubuski.ba","title":"Predstava \u201e\u017denski razgovori \u00b11\u201c prikazana u Posu\u0161ju - RADIO LJUBU\u0160KI","type":"rich","width":600,"height":338,"html":"<blockquote class=\"wp-embedded-content\" data-secret=\"ZRikqbGBcU\"><a href=\"https:\/\/radioljubuski.ba\/index.php\/2022\/07\/01\/predstava-zenski-razgovori-prikazana-u-posusju\/\">Predstava \u201e\u017denski razgovori \u00b11\u201c prikazana u Posu\u0161ju<\/a><\/blockquote><iframe sandbox=\"allow-scripts\" security=\"restricted\" src=\"https:\/\/radioljubuski.ba\/index.php\/2022\/07\/01\/predstava-zenski-razgovori-prikazana-u-posusju\/embed\/#?secret=ZRikqbGBcU\" width=\"600\" height=\"338\" title=\"&#8220;Predstava \u201e\u017denski razgovori \u00b11\u201c prikazana u Posu\u0161ju&#8221; &#8212;   RADIO LJUBU\u0160KI\" data-secret=\"ZRikqbGBcU\" frameborder=\"0\" marginwidth=\"0\" marginheight=\"0\" scrolling=\"no\" class=\"wp-embedded-content\"><\/iframe><script>\n\/*! This file is auto-generated *\/\n!function(d,l){\"use strict\";l.querySelector&&d.addEventListener&&\"undefined\"!=typeof URL&&(d.wp=d.wp||{},d.wp.receiveEmbedMessage||(d.wp.receiveEmbedMessage=function(e){var t=e.data;if((t||t.secret||t.message||t.value)&&!\/[^a-zA-Z0-9]\/.test(t.secret)){for(var s,r,n,a=l.querySelectorAll('iframe[data-secret=\"'+t.secret+'\"]'),o=l.querySelectorAll('blockquote[data-secret=\"'+t.secret+'\"]'),c=new RegExp(\"^https?:$\",\"i\"),i=0;i<o.length;i++)o[i].style.display=\"none\";for(i=0;i<a.length;i++)s=a[i],e.source===s.contentWindow&&(s.removeAttribute(\"style\"),\"height\"===t.message?(1e3<(r=parseInt(t.value,10))?r=1e3:~~r<200&&(r=200),s.height=r):\"link\"===t.message&&(r=new URL(s.getAttribute(\"src\")),n=new URL(t.value),c.test(n.protocol))&&n.host===r.host&&l.activeElement===s&&(d.top.location.href=t.value))}},d.addEventListener(\"message\",d.wp.receiveEmbedMessage,!1),l.addEventListener(\"DOMContentLoaded\",function(){for(var e,t,s=l.querySelectorAll(\"iframe.wp-embedded-content\"),r=0;r<s.length;r++)(t=(e=s[r]).getAttribute(\"data-secret\"))||(t=Math.random().toString(36).substring(2,12),e.src+=\"#?secret=\"+t,e.setAttribute(\"data-secret\",t)),e.contentWindow.postMessage({message:\"ready\",secret:t},\"*\")},!1)))}(window,document);\n\/\/# sourceURL=https:\/\/radioljubuski.ba\/wp-includes\/js\/wp-embed.min.js\n<\/script>\n","thumbnail_url":"https:\/\/radioljubuski.ba\/wp-content\/uploads\/2022\/07\/Zenski-razgovori-1.jpg","thumbnail_width":720,"thumbnail_height":480,"description":"Predstava \u201e\u017denski razgovori \u00b11\u201c\u00a0 Hrvatskog narodnog kazali\u0161ta u \u010detvrtak ve\u010der je izvedena u Posu\u0161ju. Predstava je to o nekoliko generacija \u017eena i pripadaju\u0107ih im \u0161to prisutnih, \u0161to odsutnih mu\u0161karaca, te vje\u010dnim problemima poput zaljubljivanja, braka, prevare, karijere, bolesti, smrti. Sve je to prikazano, mo\u017eda na prvi pogled stereotipno, no itekako stvarno svakodnevnom \u017eivotu. \u201eNije ovo [&hellip;]"}