{"version":"1.0","provider_name":"  RADIO LJUBU\u0160KI","provider_url":"https:\/\/radioljubuski.ba","title":"Kamiond\u017eije u BiH stupaju u \u0161trajk! - RADIO LJUBU\u0160KI","type":"rich","width":600,"height":338,"html":"<blockquote class=\"wp-embedded-content\" data-secret=\"AUemQYFPQL\"><a href=\"https:\/\/radioljubuski.ba\/index.php\/2022\/07\/02\/kamiondzije-u-bih-stupaju-u-strajk\/\">Kamiond\u017eije u BiH stupaju u \u0161trajk!<\/a><\/blockquote><iframe sandbox=\"allow-scripts\" security=\"restricted\" src=\"https:\/\/radioljubuski.ba\/index.php\/2022\/07\/02\/kamiondzije-u-bih-stupaju-u-strajk\/embed\/#?secret=AUemQYFPQL\" width=\"600\" height=\"338\" title=\"&#8220;Kamiond\u017eije u BiH stupaju u \u0161trajk!&#8221; &#8212;   RADIO LJUBU\u0160KI\" data-secret=\"AUemQYFPQL\" frameborder=\"0\" marginwidth=\"0\" marginheight=\"0\" scrolling=\"no\" class=\"wp-embedded-content\"><\/iframe><script>\n\/*! This file is auto-generated *\/\n!function(d,l){\"use strict\";l.querySelector&&d.addEventListener&&\"undefined\"!=typeof URL&&(d.wp=d.wp||{},d.wp.receiveEmbedMessage||(d.wp.receiveEmbedMessage=function(e){var t=e.data;if((t||t.secret||t.message||t.value)&&!\/[^a-zA-Z0-9]\/.test(t.secret)){for(var s,r,n,a=l.querySelectorAll('iframe[data-secret=\"'+t.secret+'\"]'),o=l.querySelectorAll('blockquote[data-secret=\"'+t.secret+'\"]'),c=new RegExp(\"^https?:$\",\"i\"),i=0;i<o.length;i++)o[i].style.display=\"none\";for(i=0;i<a.length;i++)s=a[i],e.source===s.contentWindow&&(s.removeAttribute(\"style\"),\"height\"===t.message?(1e3<(r=parseInt(t.value,10))?r=1e3:~~r<200&&(r=200),s.height=r):\"link\"===t.message&&(r=new URL(s.getAttribute(\"src\")),n=new URL(t.value),c.test(n.protocol))&&n.host===r.host&&l.activeElement===s&&(d.top.location.href=t.value))}},d.addEventListener(\"message\",d.wp.receiveEmbedMessage,!1),l.addEventListener(\"DOMContentLoaded\",function(){for(var e,t,s=l.querySelectorAll(\"iframe.wp-embedded-content\"),r=0;r<s.length;r++)(t=(e=s[r]).getAttribute(\"data-secret\"))||(t=Math.random().toString(36).substring(2,12),e.src+=\"#?secret=\"+t,e.setAttribute(\"data-secret\",t)),e.contentWindow.postMessage({message:\"ready\",secret:t},\"*\")},!1)))}(window,document);\n\/\/# sourceURL=https:\/\/radioljubuski.ba\/wp-includes\/js\/wp-embed.min.js\n<\/script>\n","thumbnail_url":"https:\/\/radioljubuski.ba\/wp-content\/uploads\/2021\/11\/fKjcnVpT_izvoz_kamioni.jpg","thumbnail_width":1000,"thumbnail_height":625,"description":"Prijevoznici u BiH za ponedjeljak su najavili obustavljanje transporta roba kako bi skrenuli pa\u017enju na neizdr\u017eiv polo\u017eaj ovog sektora zbog stalnog rasta cijena goriva. Na ovaj korak odlu\u010dili su se nakon \u0161to prethodni prosvjedi, niz upozorenja i apeli entitetskim vladama i Vije\u0107u ministara BiH nisu rezultirali nikakvim odlukama. &#8211; Dogovorili smo se da od ponedjeljka [&hellip;]"}