{"version":"1.0","provider_name":"  RADIO LJUBU\u0160KI","provider_url":"https:\/\/radioljubuski.ba","title":"Okrugli stol o trgovini ljudima u \u0160irokom Brijegu - RADIO LJUBU\u0160KI","type":"rich","width":600,"height":338,"html":"<blockquote class=\"wp-embedded-content\" data-secret=\"D049kDL3Gm\"><a href=\"https:\/\/radioljubuski.ba\/index.php\/2022\/07\/04\/okrugli-stol-o-trgovini-ljudima-u-sirokom-brijegu\/\">Okrugli stol o trgovini ljudima u \u0160irokom Brijegu<\/a><\/blockquote><iframe sandbox=\"allow-scripts\" security=\"restricted\" src=\"https:\/\/radioljubuski.ba\/index.php\/2022\/07\/04\/okrugli-stol-o-trgovini-ljudima-u-sirokom-brijegu\/embed\/#?secret=D049kDL3Gm\" width=\"600\" height=\"338\" title=\"&#8220;Okrugli stol o trgovini ljudima u \u0160irokom Brijegu&#8221; &#8212;   RADIO LJUBU\u0160KI\" data-secret=\"D049kDL3Gm\" frameborder=\"0\" marginwidth=\"0\" marginheight=\"0\" scrolling=\"no\" class=\"wp-embedded-content\"><\/iframe><script>\n\/*! This file is auto-generated *\/\n!function(d,l){\"use strict\";l.querySelector&&d.addEventListener&&\"undefined\"!=typeof URL&&(d.wp=d.wp||{},d.wp.receiveEmbedMessage||(d.wp.receiveEmbedMessage=function(e){var t=e.data;if((t||t.secret||t.message||t.value)&&!\/[^a-zA-Z0-9]\/.test(t.secret)){for(var s,r,n,a=l.querySelectorAll('iframe[data-secret=\"'+t.secret+'\"]'),o=l.querySelectorAll('blockquote[data-secret=\"'+t.secret+'\"]'),c=new RegExp(\"^https?:$\",\"i\"),i=0;i<o.length;i++)o[i].style.display=\"none\";for(i=0;i<a.length;i++)s=a[i],e.source===s.contentWindow&&(s.removeAttribute(\"style\"),\"height\"===t.message?(1e3<(r=parseInt(t.value,10))?r=1e3:~~r<200&&(r=200),s.height=r):\"link\"===t.message&&(r=new URL(s.getAttribute(\"src\")),n=new URL(t.value),c.test(n.protocol))&&n.host===r.host&&l.activeElement===s&&(d.top.location.href=t.value))}},d.addEventListener(\"message\",d.wp.receiveEmbedMessage,!1),l.addEventListener(\"DOMContentLoaded\",function(){for(var e,t,s=l.querySelectorAll(\"iframe.wp-embedded-content\"),r=0;r<s.length;r++)(t=(e=s[r]).getAttribute(\"data-secret\"))||(t=Math.random().toString(36).substring(2,12),e.src+=\"#?secret=\"+t,e.setAttribute(\"data-secret\",t)),e.contentWindow.postMessage({message:\"ready\",secret:t},\"*\")},!1)))}(window,document);\n\/\/# sourceURL=https:\/\/radioljubuski.ba\/wp-includes\/js\/wp-embed.min.js\n<\/script>\n","thumbnail_url":"https:\/\/radioljubuski.ba\/wp-content\/uploads\/2022\/07\/trgovina-ljudima-2.jpg","thumbnail_width":810,"thumbnail_height":548,"description":"Crveni kri\u017e \u017dupanije Zapadnohercegova\u010dke u suradnji s USAID-om organizira okrugli stol na temu \u201dZa\u0161titimo \u017ertve trgovine ljudima\u201d koji \u0107e se odr\u017eati u ponedjeljak, 4. srpnja 2022. godine u 16:00 sati u Narodnoj knji\u017enici u \u0160irokom Brijegu. Predavanje \u0107e odr\u017eati psihologinja dr. sc.&nbsp;Kristina Sesar, izv. prof. U cilju podizanja svijesti javnosti te potencijalnih \u017ertava trgovine ljudima, [&hellip;]"}