{"version":"1.0","provider_name":"  RADIO LJUBU\u0160KI","provider_url":"https:\/\/radioljubuski.ba","title":"Zagrep\u010danka i Nijemac uhi\u0107eni zbog kra\u0111e - RADIO LJUBU\u0160KI","type":"rich","width":600,"height":338,"html":"<blockquote class=\"wp-embedded-content\" data-secret=\"Lt6Ygrz4Nw\"><a href=\"https:\/\/radioljubuski.ba\/index.php\/2022\/07\/04\/zagrepcanka-i-nijemac-uhiceni-zbog-krade\/\">Zagrep\u010danka i Nijemac uhi\u0107eni zbog kra\u0111e<\/a><\/blockquote><iframe sandbox=\"allow-scripts\" security=\"restricted\" src=\"https:\/\/radioljubuski.ba\/index.php\/2022\/07\/04\/zagrepcanka-i-nijemac-uhiceni-zbog-krade\/embed\/#?secret=Lt6Ygrz4Nw\" width=\"600\" height=\"338\" title=\"&#8220;Zagrep\u010danka i Nijemac uhi\u0107eni zbog kra\u0111e&#8221; &#8212;   RADIO LJUBU\u0160KI\" data-secret=\"Lt6Ygrz4Nw\" frameborder=\"0\" marginwidth=\"0\" marginheight=\"0\" scrolling=\"no\" class=\"wp-embedded-content\"><\/iframe><script>\n\/*! This file is auto-generated *\/\n!function(d,l){\"use strict\";l.querySelector&&d.addEventListener&&\"undefined\"!=typeof URL&&(d.wp=d.wp||{},d.wp.receiveEmbedMessage||(d.wp.receiveEmbedMessage=function(e){var t=e.data;if((t||t.secret||t.message||t.value)&&!\/[^a-zA-Z0-9]\/.test(t.secret)){for(var s,r,n,a=l.querySelectorAll('iframe[data-secret=\"'+t.secret+'\"]'),o=l.querySelectorAll('blockquote[data-secret=\"'+t.secret+'\"]'),c=new RegExp(\"^https?:$\",\"i\"),i=0;i<o.length;i++)o[i].style.display=\"none\";for(i=0;i<a.length;i++)s=a[i],e.source===s.contentWindow&&(s.removeAttribute(\"style\"),\"height\"===t.message?(1e3<(r=parseInt(t.value,10))?r=1e3:~~r<200&&(r=200),s.height=r):\"link\"===t.message&&(r=new URL(s.getAttribute(\"src\")),n=new URL(t.value),c.test(n.protocol))&&n.host===r.host&&l.activeElement===s&&(d.top.location.href=t.value))}},d.addEventListener(\"message\",d.wp.receiveEmbedMessage,!1),l.addEventListener(\"DOMContentLoaded\",function(){for(var e,t,s=l.querySelectorAll(\"iframe.wp-embedded-content\"),r=0;r<s.length;r++)(t=(e=s[r]).getAttribute(\"data-secret\"))||(t=Math.random().toString(36).substring(2,12),e.src+=\"#?secret=\"+t,e.setAttribute(\"data-secret\",t)),e.contentWindow.postMessage({message:\"ready\",secret:t},\"*\")},!1)))}(window,document);\n\/\/# sourceURL=https:\/\/radioljubuski.ba\/wp-includes\/js\/wp-embed.min.js\n<\/script>\n","thumbnail_url":"https:\/\/radioljubuski.ba\/wp-content\/uploads\/2022\/07\/K83HB0xf_lisice-1.jpg","thumbnail_width":1000,"thumbnail_height":625,"description":"Pripadnici Policijske uprave Ilid\u017ea ju\u010der su u 20.10 sati uhitili M. E. (31), ro\u0111en u Berlinu i &nbsp;M. E. (29), ro\u0111ena u Zagrebu, zbog postojanja osnova sumnje da su po\u010dinili kra\u0111u na \u0161tetu M. R., priop\u0107eno je iz MUP-a S\u017d. &nbsp; O svemu je informiran de\u017eurni tu\u017eitelj, a uhi\u0107eni su predati u prostorije za zadr\u017eavanje [&hellip;]"}