{"version":"1.0","provider_name":"  RADIO LJUBU\u0160KI","provider_url":"https:\/\/radioljubuski.ba","title":"Dva helikoptera gase po\u017ear na Blidinju - RADIO LJUBU\u0160KI","type":"rich","width":600,"height":338,"html":"<blockquote class=\"wp-embedded-content\" data-secret=\"S1U8r8wisP\"><a href=\"https:\/\/radioljubuski.ba\/index.php\/2022\/07\/26\/dva-helikoptera-gase-pozar-na-blidinju\/\">Dva helikoptera gase po\u017ear na Blidinju<\/a><\/blockquote><iframe sandbox=\"allow-scripts\" security=\"restricted\" src=\"https:\/\/radioljubuski.ba\/index.php\/2022\/07\/26\/dva-helikoptera-gase-pozar-na-blidinju\/embed\/#?secret=S1U8r8wisP\" width=\"600\" height=\"338\" title=\"&#8220;Dva helikoptera gase po\u017ear na Blidinju&#8221; &#8212;   RADIO LJUBU\u0160KI\" data-secret=\"S1U8r8wisP\" frameborder=\"0\" marginwidth=\"0\" marginheight=\"0\" scrolling=\"no\" class=\"wp-embedded-content\"><\/iframe><script>\n\/*! This file is auto-generated *\/\n!function(d,l){\"use strict\";l.querySelector&&d.addEventListener&&\"undefined\"!=typeof URL&&(d.wp=d.wp||{},d.wp.receiveEmbedMessage||(d.wp.receiveEmbedMessage=function(e){var t=e.data;if((t||t.secret||t.message||t.value)&&!\/[^a-zA-Z0-9]\/.test(t.secret)){for(var s,r,n,a=l.querySelectorAll('iframe[data-secret=\"'+t.secret+'\"]'),o=l.querySelectorAll('blockquote[data-secret=\"'+t.secret+'\"]'),c=new RegExp(\"^https?:$\",\"i\"),i=0;i<o.length;i++)o[i].style.display=\"none\";for(i=0;i<a.length;i++)s=a[i],e.source===s.contentWindow&&(s.removeAttribute(\"style\"),\"height\"===t.message?(1e3<(r=parseInt(t.value,10))?r=1e3:~~r<200&&(r=200),s.height=r):\"link\"===t.message&&(r=new URL(s.getAttribute(\"src\")),n=new URL(t.value),c.test(n.protocol))&&n.host===r.host&&l.activeElement===s&&(d.top.location.href=t.value))}},d.addEventListener(\"message\",d.wp.receiveEmbedMessage,!1),l.addEventListener(\"DOMContentLoaded\",function(){for(var e,t,s=l.querySelectorAll(\"iframe.wp-embedded-content\"),r=0;r<s.length;r++)(t=(e=s[r]).getAttribute(\"data-secret\"))||(t=Math.random().toString(36).substring(2,12),e.src+=\"#?secret=\"+t,e.setAttribute(\"data-secret\",t)),e.contentWindow.postMessage({message:\"ready\",secret:t},\"*\")},!1)))}(window,document);\n\/\/# sourceURL=https:\/\/radioljubuski.ba\/wp-includes\/js\/wp-embed.min.js\n<\/script>\n","thumbnail_url":"https:\/\/radioljubuski.ba\/wp-content\/uploads\/2022\/07\/pozar-cvrsnica-helikopter-mi-8-22-810x538-1.jpg","thumbnail_width":810,"thumbnail_height":538,"description":"Po\u017ear na planini \u010cvrsnici u Parku prirode Blidinje aktivan je ve\u0107 deseti dan. U utorak od 10:00 sati po\u017ear gase\u00a0dva helikoptera. Radi se o helikopteru\u00a0Mi-8\u00a0Protupo\u017earnih namjenski organiziranih snaga Oru\u017eanih snaga RH iz sastava Hrvatskog ratnog zrakoplovstva koji nosi protupo\u017earni ure\u0111aj kapaciteta\u00a02.200 litara\u00a0te \u0107e on cijeli dan biti na Blidinju. Uz njega, po\u017ear gasi i\u00a0helikopter Oru\u017eanih [&hellip;]"}