{"version":"1.0","provider_name":"  RADIO LJUBU\u0160KI","provider_url":"https:\/\/radioljubuski.ba","title":"Hrvati u svijetu: Gustav Likan - RADIO LJUBU\u0160KI","type":"rich","width":600,"height":338,"html":"<blockquote class=\"wp-embedded-content\" data-secret=\"bZpgVKq6N4\"><a href=\"https:\/\/radioljubuski.ba\/index.php\/2022\/07\/26\/hrvati-u-svijetu-gustav-likan\/\">Hrvati u svijetu: Gustav Likan<\/a><\/blockquote><iframe sandbox=\"allow-scripts\" security=\"restricted\" src=\"https:\/\/radioljubuski.ba\/index.php\/2022\/07\/26\/hrvati-u-svijetu-gustav-likan\/embed\/#?secret=bZpgVKq6N4\" width=\"600\" height=\"338\" title=\"&#8220;Hrvati u svijetu: Gustav Likan&#8221; &#8212;   RADIO LJUBU\u0160KI\" data-secret=\"bZpgVKq6N4\" frameborder=\"0\" marginwidth=\"0\" marginheight=\"0\" scrolling=\"no\" class=\"wp-embedded-content\"><\/iframe><script>\n\/*! This file is auto-generated *\/\n!function(d,l){\"use strict\";l.querySelector&&d.addEventListener&&\"undefined\"!=typeof URL&&(d.wp=d.wp||{},d.wp.receiveEmbedMessage||(d.wp.receiveEmbedMessage=function(e){var t=e.data;if((t||t.secret||t.message||t.value)&&!\/[^a-zA-Z0-9]\/.test(t.secret)){for(var s,r,n,a=l.querySelectorAll('iframe[data-secret=\"'+t.secret+'\"]'),o=l.querySelectorAll('blockquote[data-secret=\"'+t.secret+'\"]'),c=new RegExp(\"^https?:$\",\"i\"),i=0;i<o.length;i++)o[i].style.display=\"none\";for(i=0;i<a.length;i++)s=a[i],e.source===s.contentWindow&&(s.removeAttribute(\"style\"),\"height\"===t.message?(1e3<(r=parseInt(t.value,10))?r=1e3:~~r<200&&(r=200),s.height=r):\"link\"===t.message&&(r=new URL(s.getAttribute(\"src\")),n=new URL(t.value),c.test(n.protocol))&&n.host===r.host&&l.activeElement===s&&(d.top.location.href=t.value))}},d.addEventListener(\"message\",d.wp.receiveEmbedMessage,!1),l.addEventListener(\"DOMContentLoaded\",function(){for(var e,t,s=l.querySelectorAll(\"iframe.wp-embedded-content\"),r=0;r<s.length;r++)(t=(e=s[r]).getAttribute(\"data-secret\"))||(t=Math.random().toString(36).substring(2,12),e.src+=\"#?secret=\"+t,e.setAttribute(\"data-secret\",t)),e.contentWindow.postMessage({message:\"ready\",secret:t},\"*\")},!1)))}(window,document);\n\/\/# sourceURL=https:\/\/radioljubuski.ba\/wp-includes\/js\/wp-embed.min.js\n<\/script>\n","thumbnail_url":"https:\/\/radioljubuski.ba\/wp-content\/uploads\/2022\/07\/Gustav_Likan.jpg","thumbnail_width":300,"thumbnail_height":298,"description":"\u010cesto \u010ditamo da je netko akademski slikar ili kipar. Takva bi nam titula trebala jam\u010diti da su njegova djela zaista vrijedna. Ali nije uvijek tako. Manjak talenta vi\u0161eput je prekriven \u201emoderno\u0161\u0107u\u201d, koju navodno obi\u010dni smrtnici ne razumiju. \u010cinjenica je da umjetnici i s akademskom titulom ponekad nisu spoj prirodne nadarenosti i dobre umjetni\u010dke izobrazbe, nego [&hellip;]"}